{"id":913,"date":"2022-03-09T10:38:12","date_gmt":"2022-03-09T10:38:12","guid":{"rendered":"https:\/\/s2consulting.fr\/?page_id=913"},"modified":"2022-03-09T10:45:01","modified_gmt":"2022-03-09T10:45:01","slug":"financement","status":"publish","type":"page","link":"https:\/\/s2consulting.fr\/index.php\/formations\/financement\/","title":{"rendered":"FINANCEMENT"},"content":{"rendered":"\t\t<div data-elementor-type=\"wp-page\" data-elementor-id=\"913\" class=\"elementor elementor-913\">\n\t\t\t\t\t\t<section class=\"elementor-section elementor-top-section elementor-element elementor-element-334bfd3 elementor-section-boxed elementor-section-height-default elementor-section-height-default\" data-id=\"334bfd3\" data-element_type=\"section\">\n\t\t\t\t\t\t<div class=\"elementor-container elementor-column-gap-default\">\n\t\t\t\t\t<div class=\"elementor-column elementor-col-100 elementor-top-column elementor-element elementor-element-0e2002d\" data-id=\"0e2002d\" data-element_type=\"column\">\n\t\t\t<div class=\"elementor-widget-wrap elementor-element-populated\">\n\t\t\t\t\t\t<div class=\"elementor-element elementor-element-2e6e9f9 elementor-widget elementor-widget-heading\" data-id=\"2e6e9f9\" data-element_type=\"widget\" data-widget_type=\"heading.default\">\n\t\t\t\t<div class=\"elementor-widget-container\">\n\t\t\t\t\t<h2 class=\"elementor-heading-title elementor-size-xxl\">Financement <\/h2>\t\t\t\t<\/div>\n\t\t\t\t<\/div>\n\t\t\t\t<section class=\"elementor-section elementor-inner-section elementor-element elementor-element-41f8d87 elementor-section-boxed elementor-section-height-default elementor-section-height-default\" data-id=\"41f8d87\" data-element_type=\"section\">\n\t\t\t\t\t\t<div class=\"elementor-container elementor-column-gap-default\">\n\t\t\t\t\t<div class=\"elementor-column elementor-col-50 elementor-inner-column elementor-element elementor-element-e83d226\" data-id=\"e83d226\" data-element_type=\"column\">\n\t\t\t<div class=\"elementor-widget-wrap elementor-element-populated\">\n\t\t\t\t\t\t<div class=\"elementor-element elementor-element-9dbfb50 elementor-widget elementor-widget-text-editor\" data-id=\"9dbfb50\" data-element_type=\"widget\" data-widget_type=\"text-editor.default\">\n\t\t\t\t<div class=\"elementor-widget-container\">\n\t\t\t\t\t\t\t\t\t<p style=\"outline: 0px; margin: 5px 0px; padding: 0px; border: 0px; font-family: nimbus-sans, sans-serif; font-stretch: inherit; line-height: inherit; vertical-align: baseline; caret-color: #324a50; color: #324a50;\">Une formation vous int\u00e9resse\u00a0? Vous souhaitez vous former\u00a0? Quelle que soit votre situation, des solutions existent pour vous aider \u00e0 financer votre projet de formation.<\/p><h3 style=\"outline: 0px; margin: 1em 0px; padding: 0px; border: 0px; font-family: nimbus-sans, sans-serif; font-weight: bold; font-stretch: inherit; line-height: normal; font-size: 1.2rem; vertical-align: baseline; color: #324a50; caret-color: #324a50;\"><span class=\"color-yellow\" style=\"outline: 0px; margin: 0px; padding: 0px; border: 0px; font-family: inherit; font-style: inherit; font-variant-caps: inherit; font-weight: inherit; font-stretch: inherit; line-height: inherit; vertical-align: baseline; color: #eaca1f !important;\">Vous \u00eates demandeur d\u2019emploi\u00a0?<\/span><\/h3><p style=\"outline: 0px; margin: 5px 0px; padding: 0px; border: 0px; font-family: nimbus-sans, sans-serif; font-stretch: inherit; line-height: inherit; vertical-align: baseline; caret-color: #324a50; color: #324a50;\">Si vous ne l\u2019avez pas d\u00e9j\u00e0 fait, prenez contact avec votre conseiller P\u00f4le Emploi qui vous accompagnera dans vos d\u00e9marches pour financer votre formation. Voici quelques pistes d\u2019aides\u00a0:<\/p><ul style=\"font-size: 16px; margin-right: 0px; margin-left: 0px; padding: 0px; font-family: nimbus-sans, sans-serif; font-stretch: inherit; line-height: inherit; list-style: none; caret-color: #324a50; color: #324a50;\"><li style=\"margin-right: 0px; margin-left: 0px; padding: 5px 0px; font-family: inherit; font-style: inherit; font-variant-caps: inherit; font-stretch: inherit; line-height: inherit; font-size: 16px;\"><strong style=\"outline: 0px; font-weight: bold; margin: 0px; padding: 0px; border: 0px; font-family: inherit; font-style: inherit; font-variant-caps: inherit; font-stretch: inherit; line-height: inherit; vertical-align: baseline;\">Les droits \u00e0 la formation acquis pendant l\u2019activit\u00e9 sont attach\u00e9s \u00e0 la personne active.\u00a0<\/strong>De ce fait, leur portabilit\u00e9 est assur\u00e9e, y compris lorsque la personne change de statut, passant du statut de salari\u00e9 \u00e0 celui de personne en recherche d\u2019emploi, qu\u2019elle soit inscrite ou non \u00e0 P\u00f4le emploi. Ainsi, toutes les personnes en recherche d\u2019emploi disposent d\u2019un\u00a0<a style=\"outline: 0px; color: #a40d1e; margin: 0px; padding: 0px; border: 0px; font-family: inherit; font-style: inherit; font-variant-caps: inherit; font-stretch: inherit; line-height: inherit; vertical-align: baseline;\" href=\"https:\/\/travail-emploi.gouv.fr\/formation-professionnelle\/droit-a-la-formation-et-orientation-professionnelle\/compte-personnel-formation\">compte personnel de formation (<\/a>CPF)\u00a0et conservent le montant en euros capitalis\u00e9 ant\u00e9rieurement.<\/li><li style=\"margin-right: 0px; margin-left: 0px; padding: 5px 0px; font-family: inherit; font-style: inherit; font-variant-caps: inherit; font-stretch: inherit; line-height: inherit; font-size: 16px;\"><strong style=\"outline: 0px; font-weight: bold; margin: 0px; padding: 0px; border: 0px; font-family: inherit; font-style: inherit; font-variant-caps: inherit; font-stretch: inherit; line-height: inherit; vertical-align: baseline;\">Pour faciliter son acc\u00e8s \u00e0 la formation<\/strong>, faire le point sur leur situation professionnelle et engager, le cas \u00e9ch\u00e9ant, une d\u00e9marche d\u2019\u00e9volution professionnelle, les demandeurs d\u2019emploi peuvent b\u00e9n\u00e9ficier d\u2019un Conseil en \u00e9volution professionnel. Il vise \u00e0 accro\u00eetre leurs aptitudes, leurs comp\u00e9tences et leurs qualifications.<\/li><li style=\"margin-right: 0px; margin-left: 0px; padding: 5px 0px; font-family: inherit; font-style: inherit; font-variant-caps: inherit; font-stretch: inherit; line-height: inherit; font-size: 16px;\"><strong style=\"outline: 0px; font-weight: bold; margin: 0px; padding: 0px; border: 0px; font-family: inherit; font-style: inherit; font-variant-caps: inherit; font-stretch: inherit; line-height: inherit; vertical-align: baseline;\">Pour favoriser leur retour \u00e0 l\u2019emploi<\/strong>, les demandeurs d\u2019emploi peuvent \u00e9galement d\u00e9cider de faire reconna\u00eetre leurs comp\u00e9tences professionnelles en vue d\u2019obtenir une certification\u00a0:\u00a0<a style=\"outline: 0px; color: #a40d1e; margin: 0px; padding: 0px; border: 0px; font-family: inherit; font-style: inherit; font-variant-caps: inherit; font-stretch: inherit; line-height: inherit; vertical-align: baseline;\" href=\"https:\/\/travail-emploi.gouv.fr\/formation-professionnelle\/certification-competences-pro\/titres-professionnels-373014\">titre professionnel<\/a>\u00a0;\u00a0<a style=\"outline: 0px; color: #a40d1e; margin: 0px; padding: 0px; border: 0px; font-family: inherit; font-style: inherit; font-variant-caps: inherit; font-stretch: inherit; line-height: inherit; vertical-align: baseline;\" href=\"https:\/\/travail-emploi.gouv.fr\/formation-professionnelle\/certification-competences-pro\/article\/certificat-de-qualification-professionnelle-cqp\">certificat de qualification professionnelle (CQP)<\/a>\u00a0;\u00a0<a style=\"outline: 0px; color: #a40d1e; margin: 0px; padding: 0px; border: 0px; font-family: inherit; font-style: inherit; font-variant-caps: inherit; font-stretch: inherit; line-height: inherit; vertical-align: baseline;\" href=\"https:\/\/travail-emploi.gouv.fr\/formation-professionnelle\/certification-competences-pro\/vae\">validation des acquis de l\u2019exp\u00e9rience (VAE)<\/a>.<\/li><li style=\"margin-right: 0px; margin-left: 0px; padding: 5px 0px; font-family: inherit; font-style: inherit; font-variant-caps: inherit; font-stretch: inherit; line-height: inherit; font-size: 16px;\"><strong style=\"outline: 0px; font-weight: bold; margin: 0px; padding: 0px; border: 0px; font-family: inherit; font-style: inherit; font-variant-caps: inherit; font-stretch: inherit; line-height: inherit; vertical-align: baseline;\">Dans le cadre d\u2019un accompagnement social et\/ou professionnel personnalis\u00e9<\/strong>, les demandeurs d\u2019emploi peuvent b\u00e9n\u00e9ficier d\u2019une\u00a0<a style=\"outline: 0px; color: #a40d1e; margin: 0px; padding: 0px; border: 0px; font-family: inherit; font-style: inherit; font-variant-caps: inherit; font-stretch: inherit; line-height: inherit; vertical-align: baseline;\" href=\"https:\/\/travail-emploi.gouv.fr\/formation-professionnelle\/formation-des-demandeurs-d-emploi\/article\/periodes-de-mise-en-situation-en-milieu-professionnel-pmsmp\">p\u00e9riode de mise en situation en milieu professionnel \u2013 PMSMP<\/a>\u00a0pour d\u00e9couvrir un m\u00e9tier ou un secteur d\u2019activit\u00e9, confirmer un projet professionnel ou initier une d\u00e9marche de recrutement ou d\u2019une\u00a0<a style=\"outline: 0px; color: #a40d1e; margin: 0px; padding: 0px; border: 0px; font-family: inherit; font-style: inherit; font-variant-caps: inherit; font-stretch: inherit; line-height: inherit; vertical-align: baseline;\" href=\"https:\/\/travail-emploi.gouv.fr\/formation-professionnelle\/formation-des-demandeurs-d-emploi\/article\/preparation-operationnelle-a-l-emploi-collective-poec\">pr\u00e9paration op\u00e9rationnelle \u00e0 l\u2019emploi collective (POEC)<\/a>\u00a0qui est une action de formation permettant \u00e0 plusieurs demandeurs d\u2019emploi d\u2019acqu\u00e9rir les comp\u00e9tences requises pour occuper des emplois correspondant \u00e0 des besoins identifi\u00e9s par une branche professionnelle.<\/li><li style=\"margin-right: 0px; margin-left: 0px; padding: 5px 0px; font-family: inherit; font-style: inherit; font-variant-caps: inherit; font-stretch: inherit; line-height: inherit; font-size: 16px;\"><strong style=\"outline: 0px; font-weight: bold; margin: 0px; padding: 0px; border: 0px; font-family: inherit; font-style: inherit; font-variant-caps: inherit; font-stretch: inherit; line-height: inherit; vertical-align: baseline;\">Les demandeurs d\u2019emploi de 26 ans et plus<\/strong>, peuvent \u00e9galement \u00eatre b\u00e9n\u00e9ficiaire d\u2019un\u00a0<a style=\"outline: 0px; color: #a40d1e; margin: 0px; padding: 0px; border: 0px; font-family: inherit; font-style: inherit; font-variant-caps: inherit; font-stretch: inherit; line-height: inherit; vertical-align: baseline;\" href=\"https:\/\/travail-emploi.gouv.fr\/formation-professionnelle\/formation-en-alternance-10751\/article\/contrat-de-professionnalisation\">contrat de professionnalisation<\/a>.<\/li><li style=\"margin-right: 0px; margin-left: 0px; padding: 5px 0px; font-family: inherit; font-style: inherit; font-variant-caps: inherit; font-stretch: inherit; line-height: inherit; font-size: 16px;\"><a style=\"outline: 0px; color: #a40d1e; margin: 0px; padding: 0px; border: 0px; font-family: inherit; font-style: inherit; font-variant-caps: inherit; font-stretch: inherit; line-height: inherit; vertical-align: baseline;\" href=\"https:\/\/travail-emploi.gouv.fr\/formation-professionnelle\/formation-des-demandeurs-d-emploi\/article\/remuneration-pendant-la-formation\">La r\u00e9mun\u00e9ration pendant la formation<\/a>\u00a0: durant la formation, les demandeurs d\u2019emploi sont r\u00e9mun\u00e9r\u00e9s et continuent de percevoir leur allocation, dans la limite de leurs droits \u00e0 indemnisation. Pendant la formation, l\u2019Allocation de retour \u00e0 l\u2019emploi ou ARE devient Allocation de retour \u00e0 l\u2019emploi formation ou AREF. Les stages agr\u00e9\u00e9s par l\u2019\u00c9tat ou la R\u00e9gion peuvent faire b\u00e9n\u00e9ficier d\u2019une formation r\u00e9mun\u00e9r\u00e9e.<\/li><li style=\"margin-right: 0px; margin-left: 0px; padding: 5px 0px; font-family: inherit; font-style: inherit; font-variant-caps: inherit; font-stretch: inherit; line-height: inherit; font-size: 16px;\"><a style=\"outline: 0px; color: #a40d1e; margin: 0px; padding: 0px; border: 0px; font-family: inherit; font-style: inherit; font-variant-caps: inherit; font-stretch: inherit; line-height: inherit; vertical-align: baseline;\" href=\"https:\/\/travail-emploi.gouv.fr\/formation-professionnelle\/formation-des-demandeurs-d-emploi\/article\/remuneration-de-fin-de-formation-r2f\">La r\u00e9mun\u00e9ration de fin de formation<\/a>\u00a0: si les droits \u00e0 l\u2019allocation de retour \u00e0 l\u2019emploi (ARE) ou \u00e0 l\u2019allocation de s\u00e9curisation professionnelle (ASP) sont insuffisants pour couvrir toute la dur\u00e9e de la formation prescrite par P\u00f4le emploi, il est possible de b\u00e9n\u00e9ficier d\u2019une r\u00e9mun\u00e9ration de fin de formation ou R2F. Son montant ne peut pas exc\u00e9der 652,02 \u20ac par mois.<\/li><li style=\"margin-right: 0px; margin-left: 0px; padding: 5px 0px; font-family: inherit; font-style: inherit; font-variant-caps: inherit; font-stretch: inherit; line-height: inherit; font-size: 16px;\"><a style=\"outline: 0px; color: #a40d1e; margin: 0px; padding: 0px; border: 0px; font-family: inherit; font-style: inherit; font-variant-caps: inherit; font-stretch: inherit; line-height: inherit; vertical-align: baseline;\" href=\"https:\/\/travail-emploi.gouv.fr\/formation-professionnelle\/formation-des-demandeurs-d-emploi\/article\/protection-sociale-pendant-la-formation\">La protection sociale pendant la formation<\/a>\u00a0: pendant la formation, les demandeurs d\u2019emploi sont obligatoirement affili\u00e9s \u00e0 un r\u00e9gime de protection sociale. Le degr\u00e9 de couverture diff\u00e8re selon que la personne est demandeur d\u2019emploi indemnis\u00e9, demandeur d\u2019emploi en stage agr\u00e9\u00e9 par l\u2019\u00c9tat ou la r\u00e9gion ou sans emploi et non r\u00e9mun\u00e9r\u00e9.<\/li><\/ul><h3 style=\"outline: 0px; margin: 1em 0px; padding: 0px; border: 0px; font-family: nimbus-sans, sans-serif; font-weight: bold; font-stretch: inherit; line-height: normal; font-size: 1.2rem; vertical-align: baseline; color: #324a50; caret-color: #324a50;\"><span class=\"color-blue\" style=\"outline: 0px; margin: 0px; padding: 0px; border: 0px; font-family: inherit; font-style: inherit; font-variant-caps: inherit; font-weight: inherit; font-stretch: inherit; line-height: inherit; vertical-align: baseline; color: #24388c !important;\">Vous \u00eates salari\u00e9<\/span><\/h3><p style=\"outline: 0px; margin: 5px 0px; padding: 0px; border: 0px; font-family: nimbus-sans, sans-serif; font-stretch: inherit; line-height: inherit; vertical-align: baseline; caret-color: #324a50; color: #324a50;\">Tous les salari\u00e9s peuvent b\u00e9n\u00e9ficier d\u2019un financement d\u2019heures de formation. Si l\u2019action de formation est \u00e0 l\u2019initiative de l\u2019employeur, les frais p\u00e9dagogiques de formation sont pris en charge par l\u2019OPCO\u00a0de l\u2019entreprise.<\/p><p style=\"outline: 0px; margin: 5px 0px; padding: 0px; border: 0px; font-family: nimbus-sans, sans-serif; font-stretch: inherit; line-height: inherit; vertical-align: baseline; caret-color: #324a50; color: #324a50;\">Si la formation est \u00e0 votre initiative, plusieurs dispositifs sont mobilisables pour financer la p\u00e9riode de formation : CPF, \u2026<\/p><h3 style=\"outline: 0px; margin: 1em 0px; padding: 0px; border: 0px; font-family: nimbus-sans, sans-serif; font-weight: bold; font-stretch: inherit; line-height: normal; font-size: 1.2rem; vertical-align: baseline; color: #324a50; caret-color: #324a50;\"><span class=\"color-red\" style=\"outline: 0px; margin: 0px; padding: 0px; border: 0px; font-family: inherit; font-style: inherit; font-variant-caps: inherit; font-weight: inherit; font-stretch: inherit; line-height: inherit; vertical-align: baseline; color: #a40d1e !important;\">En CDI<\/span><\/h3><p style=\"outline: 0px; margin: 5px 0px; padding: 0px; border: 0px; font-family: nimbus-sans, sans-serif; font-stretch: inherit; line-height: inherit; vertical-align: baseline; caret-color: #324a50; color: #324a50;\">Pour b\u00e9n\u00e9ficier d\u2019une formation professionnelle en tant que salari\u00e9, vous devez\u00a0avoir travaill\u00e9 au moins 24 mois, dont 12 dans l\u2019entreprise o\u00f9 vous \u00eates actuellement. Ou 36 mois pour les entreprises artisanales de moins de 10 salari\u00e9s.<\/p><p style=\"outline: 0px; margin: 5px 0px; padding: 0px; border: 0px; font-family: nimbus-sans, sans-serif; font-stretch: inherit; line-height: inherit; vertical-align: baseline; caret-color: #324a50; color: #324a50;\">Il se peut qu\u2019une formation soit pr\u00e9vue au\u00a0plan de formation de votre entreprise. Dans ce cas, vous n\u2019aurez pas \u00e0 vous soucier de son financement ni de votre salaire qui restera inchang\u00e9.<\/p><p style=\"outline: 0px; margin: 5px 0px; padding: 0px; border: 0px; font-family: nimbus-sans, sans-serif; font-stretch: inherit; line-height: inherit; vertical-align: baseline; caret-color: #324a50; color: #324a50;\"><span class=\"color-gray\" style=\"outline: 0px; margin: 0px; padding: 0px; border: 0px; font-family: inherit; font-style: inherit; font-variant-caps: inherit; font-stretch: inherit; line-height: inherit; vertical-align: baseline;\">En CDD<\/span><\/p><p style=\"outline: 0px; margin: 5px 0px; padding: 0px; border: 0px; font-family: nimbus-sans, sans-serif; font-stretch: inherit; line-height: inherit; vertical-align: baseline; caret-color: #324a50; color: #324a50;\">En tant que salari\u00e9 en CDD, vous pourrez aussi b\u00e9n\u00e9ficier de la formation professionnelle. Les conditions\u00a0: avoir travaill\u00e9 24 mois dans les 5 derni\u00e8res ann\u00e9es. Et avoir \u00e9t\u00e9 salari\u00e9 4 mois durant l\u2019ann\u00e9e. Sachez que vous pourrez b\u00e9n\u00e9ficier d\u2019une formation dans\u00a0l\u2019ann\u00e9e suivant la fin de votre CDD\u2009! C\u00f4t\u00e9 financement, la formation peut \u00eatre prise en charge par\u00a0:<\/p><ul style=\"font-size: 16px; margin-right: 0px; margin-left: 0px; padding: 0px; font-family: nimbus-sans, sans-serif; font-stretch: inherit; line-height: inherit; list-style: none; caret-color: #324a50; color: #324a50;\"><li style=\"margin-right: 0px; margin-left: 0px; padding: 5px 0px; font-family: inherit; font-style: inherit; font-variant-caps: inherit; font-stretch: inherit; line-height: inherit; font-size: 16px;\">Votre CPF (compte personnel de formation)<\/li><\/ul>\t\t\t\t\t\t\t\t<\/div>\n\t\t\t\t<\/div>\n\t\t\t\t\t<\/div>\n\t\t<\/div>\n\t\t\t\t<div class=\"elementor-column elementor-col-50 elementor-inner-column elementor-element elementor-element-dc52028\" data-id=\"dc52028\" data-element_type=\"column\">\n\t\t\t<div class=\"elementor-widget-wrap elementor-element-populated\">\n\t\t\t\t\t\t<div class=\"elementor-element elementor-element-59aed20 elementor-widget elementor-widget-text-editor\" data-id=\"59aed20\" data-element_type=\"widget\" data-widget_type=\"text-editor.default\">\n\t\t\t\t<div class=\"elementor-widget-container\">\n\t\t\t\t\t\t\t\t\t<h3 style=\"outline: 0px; margin: 1em 0px; padding: 0px; border: 0px; font-family: nimbus-sans, sans-serif; font-weight: bold; font-stretch: inherit; line-height: normal; font-size: 1.2rem; vertical-align: baseline; color: #324a50; caret-color: #324a50;\"><span class=\"color-blue-light\" style=\"outline: 0px; margin: 0px; padding: 0px; border: 0px; font-family: inherit; font-style: inherit; font-variant-caps: inherit; font-weight: inherit; font-stretch: inherit; line-height: inherit; vertical-align: baseline; color: #2173ff;\">Vous \u00eates employeur ou ind\u00e9pendant\u00a0?<\/span><\/h3><table style=\"font-size: 16px; outline: 0px; margin: 0px; padding: 0px; border: 0px; font-family: nimbus-sans, sans-serif; font-stretch: inherit; line-height: inherit; vertical-align: baseline; caret-color: #324a50; color: #324a50; width: 540px;\" border=\"0.5\" cellspacing=\"1\" cellpadding=\"0.5\"><tbody style=\"outline: 0px; margin: 0px; padding: 0px; border: 0px; font-family: inherit; font-style: inherit; font-variant-caps: inherit; font-stretch: inherit; line-height: inherit; vertical-align: baseline;\"><tr style=\"outline: 0px; margin: 0px; padding: 0px; border: 0px; font-family: inherit; font-style: inherit; font-variant-caps: inherit; font-stretch: inherit; line-height: inherit; vertical-align: baseline;\"><td style=\"outline: 0px; margin: 0px; padding: 5px; border-color: #24388c; font-family: inherit; font-style: inherit; font-variant-caps: inherit; font-stretch: inherit; line-height: inherit; vertical-align: middle;\">Le 1<span style=\"outline: 0px; position: relative; line-height: inherit; vertical-align: baseline; top: -0.5em; margin: 0px; padding: 0px; border: 0px; font-family: inherit; font-style: inherit; font-variant-caps: inherit; font-stretch: inherit;\">er<\/span>\u00a0avril 2019, onze op\u00e9rateurs de comp\u00e9tences (OCPO), charg\u00e9s d\u2019accompagner la formation professionnelle, ont \u00e9t\u00e9 agr\u00e9\u00e9s. Ils remplacent les anciens organismes paritaires collecteurs agr\u00e9\u00e9es (OPCA).<br style=\"outline: 0px;\" \/>Ces op\u00e9rateurs de comp\u00e9tences ont pour missions de financer l\u2019apprentissage, d\u2019aider les branches \u00e0 construire les certifications professionnelles et d\u2019accompagner les PME pour d\u00e9finir leurs besoins en formation.<\/td><\/tr><\/tbody><\/table><h3 style=\"outline: 0px; margin: 1em 0px; padding: 0px; border: 0px; font-family: nimbus-sans, sans-serif; font-weight: bold; font-stretch: inherit; line-height: normal; font-size: 1.2rem; vertical-align: baseline; color: #324a50; caret-color: #324a50;\"><span class=\"color-bordeau\" style=\"outline: 0px; margin: 0px; padding: 0px; border: 0px; font-family: inherit; font-style: inherit; font-variant-caps: inherit; font-weight: inherit; font-stretch: inherit; line-height: inherit; vertical-align: baseline; color: #631317;\">Mais un OPCO, c\u2019est quoi au juste ?\u00a0<\/span><\/h3><p style=\"outline: 0px; margin: 5px 0px; padding: 0px; border: 0px; font-family: nimbus-sans, sans-serif; font-stretch: inherit; line-height: inherit; vertical-align: baseline; caret-color: #324a50; color: #324a50;\">LES OPCO ont pour mission\u00a0:<\/p><ul style=\"font-size: 16px; margin-right: 0px; margin-left: 0px; padding: 0px; font-family: nimbus-sans, sans-serif; font-stretch: inherit; line-height: inherit; list-style: none; caret-color: #324a50; color: #324a50;\"><li style=\"margin-right: 0px; margin-left: 0px; padding: 5px 0px; font-family: inherit; font-style: inherit; font-variant-caps: inherit; font-stretch: inherit; line-height: inherit; font-size: 16px;\">d\u2019assurer le financement des contrats d\u2019apprentissage et de professionnalisation, selon les niveaux de prise en charge fix\u00e9s par les branches professionnelles\u00a0;<\/li><li style=\"margin-right: 0px; margin-left: 0px; padding: 5px 0px; font-family: inherit; font-style: inherit; font-variant-caps: inherit; font-stretch: inherit; line-height: inherit; font-size: 16px;\">d\u2019apporter un appui technique aux branches professionnelles pour\u00a0:<ul style=\"margin-right: 0px; margin-left: 0px; padding: 0px; font-family: inherit; font-style: inherit; font-variant-caps: inherit; font-stretch: inherit; line-height: inherit; font-size: 16px; list-style: none;\"><li style=\"margin-right: 0px; margin-left: 0px; padding: 5px 0px; font-family: inherit; font-style: inherit; font-variant-caps: inherit; font-stretch: inherit; line-height: inherit; font-size: 16px;\">\u00e9tablir la gestion pr\u00e9visionnelle de l\u2019emploi et des comp\u00e9tences (GPEC)\u00a0;<\/li><li style=\"margin-right: 0px; margin-left: 0px; padding: 5px 0px; font-family: inherit; font-style: inherit; font-variant-caps: inherit; font-stretch: inherit; line-height: inherit; font-size: 16px;\">d\u00e9terminer les niveaux de prise en charge des contrats d\u2019apprentissage et des contrats de professionnalisation\u00a0;<\/li><li style=\"margin-right: 0px; margin-left: 0px; padding: 5px 0px; font-family: inherit; font-style: inherit; font-variant-caps: inherit; font-stretch: inherit; line-height: inherit; font-size: 16px;\">les accompagner dans leur mission de certification (construction des r\u00e9f\u00e9rentiels de certification qui d\u00e9crivent pr\u00e9cis\u00e9ment les capacit\u00e9s, comp\u00e9tences et savoirs exig\u00e9s pour l\u2019obtention de la certification vis\u00e9e)\u00a0;<\/li><\/ul><\/li><li style=\"margin-right: 0px; margin-left: 0px; padding: 5px 0px; font-family: inherit; font-style: inherit; font-variant-caps: inherit; font-stretch: inherit; line-height: inherit; font-size: 16px;\">de favoriser la transition professionnelle des salari\u00e9s, notamment par la mise en \u0153uvre du compte personnel de formation dans le cadre des projets de transition professionnelle.<\/li><li style=\"margin-right: 0px; margin-left: 0px; padding: 5px 0px; font-family: inherit; font-style: inherit; font-variant-caps: inherit; font-stretch: inherit; line-height: inherit; font-size: 16px;\">d\u2019assurer un service de proximit\u00e9 au b\u00e9n\u00e9fice des tr\u00e8s petites, petites et moyennes entreprises, permettant\u00a0:<ul style=\"margin-right: 0px; margin-left: 0px; padding: 0px; font-family: inherit; font-style: inherit; font-variant-caps: inherit; font-stretch: inherit; line-height: inherit; font-size: 16px; list-style: none;\"><li style=\"margin-right: 0px; margin-left: 0px; padding: 5px 0px; font-family: inherit; font-style: inherit; font-variant-caps: inherit; font-stretch: inherit; line-height: inherit; font-size: 16px;\">d\u2019am\u00e9liorer l\u2019information et l\u2019acc\u00e8s des salari\u00e9s de ces entreprises \u00e0 la formation professionnelle\u00a0;<\/li><li style=\"margin-right: 0px; margin-left: 0px; padding: 5px 0px; font-family: inherit; font-style: inherit; font-variant-caps: inherit; font-stretch: inherit; line-height: inherit; font-size: 16px;\">d\u2019accompagner ces entreprises dans l\u2019analyse et la d\u00e9finition de leurs besoins en mati\u00e8re de formation professionnelle, notamment au regard des mutations \u00e9conomiques et techniques de leur secteur d\u2019activit\u00e9.<\/li><\/ul><\/li><\/ul><table style=\"font-size: 16px; outline: 0px; margin: 0px; padding: 0px; border: 0px; font-family: nimbus-sans, sans-serif; font-stretch: inherit; line-height: inherit; vertical-align: baseline; caret-color: #324a50; color: #324a50;\"><tbody style=\"outline: 0px; margin: 0px; padding: 0px; border: 0px; font-family: inherit; font-style: inherit; font-variant-caps: inherit; font-stretch: inherit; line-height: inherit; vertical-align: baseline;\"><tr style=\"outline: 0px; margin: 0px; padding: 0px; border: 0px; font-family: inherit; font-style: inherit; font-variant-caps: inherit; font-stretch: inherit; line-height: inherit; vertical-align: baseline;\"><td style=\"outline: 0px; margin: 0px; padding: 5px; border-color: #24388c; font-family: inherit; font-style: inherit; font-variant-caps: inherit; font-stretch: inherit; line-height: inherit; vertical-align: middle;\"><span class=\"color-red\" style=\"outline: 0px; margin: 0px; padding: 0px; border: 0px; font-family: inherit; font-style: inherit; font-variant-caps: inherit; font-stretch: inherit; line-height: inherit; vertical-align: baseline; color: #a40d1e !important;\"><strong style=\"outline: 0px; font-weight: bold; margin: 0px; padding: 0px; border: 0px; font-family: inherit; font-style: inherit; font-variant-caps: inherit; font-stretch: inherit; line-height: inherit; vertical-align: baseline;\">IMPORTANT\u00a0:<\/strong><\/span><br style=\"outline: 0px;\" \/>Jusqu\u2019\u00e0 la date d\u2019entr\u00e9e en vigueur des dispositions relatives \u00e0 la collecte par l\u2019Urssaf ou la MSA, et au plus tard jusqu\u2019au 31 d\u00e9cembre 2020, les OPCO sont agr\u00e9\u00e9s pour collecter les contributions des employeurs au titre du financement de la formation professionnelle et de l\u2019alternance.<br style=\"outline: 0px;\" \/>Jusqu\u2019au 1<span style=\"outline: 0px; position: relative; line-height: inherit; vertical-align: baseline; top: -0.5em; margin: 0px; padding: 0px; border: 0px; font-family: inherit; font-style: inherit; font-variant-caps: inherit; font-stretch: inherit;\">er<\/span>\u00a0janvier 2021, les OPCO s\u2019assurent, lorsqu\u2019ils financent une action de formation professionnelle et sur la base de crit\u00e8res d\u00e9finis par d\u00e9cret en Conseil d\u2019\u00c9tat, de la capacit\u00e9 du prestataire de formation \u00e0 dispenser une formation de qualit\u00e9.<\/td><\/tr><\/tbody><\/table><h3 style=\"outline: 0px; margin: 1em 0px; padding: 0px; border: 0px; font-family: nimbus-sans, sans-serif; font-weight: bold; font-stretch: inherit; line-height: normal; font-size: 1.2rem; vertical-align: baseline; color: #324a50; caret-color: #324a50;\"><span class=\"color-yellow\" style=\"outline: 0px; margin: 0px; padding: 0px; border: 0px; font-family: inherit; font-style: inherit; font-variant-caps: inherit; font-weight: inherit; font-stretch: inherit; line-height: inherit; vertical-align: baseline; color: #eaca1f !important;\">A quel OPCO\u00a0cotiser ?\u00a0<\/span><\/h3><p style=\"outline: 0px; margin: 5px 0px; padding: 0px; border: 0px; font-family: nimbus-sans, sans-serif; font-stretch: inherit; line-height: inherit; vertical-align: baseline; caret-color: #324a50; color: #324a50;\">Le regroupement des branches professionnelles autour d\u2019un OPCO d\u00e9sign\u00e9, s\u2019appuie sur les crit\u00e8res de coh\u00e9rence des m\u00e9tiers et des comp\u00e9tences, de fili\u00e8res, d\u2019enjeux communs de comp\u00e9tences, de formation, de mobilit\u00e9, de services de proximit\u00e9 et de besoins des entreprises.<\/p><p style=\"outline: 0px; margin: 5px 0px; padding: 0px; border: 0px; font-family: nimbus-sans, sans-serif; font-stretch: inherit; line-height: inherit; vertical-align: baseline; caret-color: #324a50; color: #324a50;\">Pr\u00e8s de 329 branches sont r\u00e9parties dans 11 OPCO, au lieu des 20 OPCA qui existaient auparavant.<br style=\"outline: 0px;\" \/>Deux des 11 OPCO ont un caract\u00e8re interprofessionnel au sens de l\u2019article L. 6332-1-1 du Code du travail.<\/p><p>\u00a0<\/p>\t\t\t\t\t\t\t\t<\/div>\n\t\t\t\t<\/div>\n\t\t\t\t<div class=\"elementor-element elementor-element-2340aee elementor-widget elementor-widget-image\" data-id=\"2340aee\" data-element_type=\"widget\" data-widget_type=\"image.default\">\n\t\t\t\t<div class=\"elementor-widget-container\">\n\t\t\t\t\t\t\t\t\t\t\t\t\t\t\t<img fetchpriority=\"high\" decoding=\"async\" width=\"800\" height=\"538\" src=\"https:\/\/s2consulting.fr\/wp-content\/uploads\/2022\/03\/Copie-de-Copie-de-Infographie-OPCO-1024x689.png\" class=\"attachment-large size-large wp-image-914\" alt=\"\" srcset=\"https:\/\/s2consulting.fr\/wp-content\/uploads\/2022\/03\/Copie-de-Copie-de-Infographie-OPCO-1024x689.png 1024w, https:\/\/s2consulting.fr\/wp-content\/uploads\/2022\/03\/Copie-de-Copie-de-Infographie-OPCO-300x202.png 300w, https:\/\/s2consulting.fr\/wp-content\/uploads\/2022\/03\/Copie-de-Copie-de-Infographie-OPCO-768x517.png 768w, https:\/\/s2consulting.fr\/wp-content\/uploads\/2022\/03\/Copie-de-Copie-de-Infographie-OPCO.png 1123w\" sizes=\"(max-width: 800px) 100vw, 800px\" \/>\t\t\t\t\t\t\t\t\t\t\t\t\t\t\t<\/div>\n\t\t\t\t<\/div>\n\t\t\t\t\t<\/div>\n\t\t<\/div>\n\t\t\t\t\t<\/div>\n\t\t<\/section>\n\t\t\t\t\t<\/div>\n\t\t<\/div>\n\t\t\t\t\t<\/div>\n\t\t<\/section>\n\t\t\t\t<\/div>\n\t\t","protected":false},"excerpt":{"rendered":"<p>Financement Une formation vous int\u00e9resse\u00a0? Vous souhaitez vous former\u00a0? Quelle que soit votre situation, des solutions existent pour vous aider \u00e0 financer votre projet de formation. Vous \u00eates demandeur d\u2019emploi\u00a0? Si vous ne l\u2019avez pas d\u00e9j\u00e0 fait, prenez contact avec votre conseiller P\u00f4le Emploi qui vous accompagnera dans vos d\u00e9marches pour financer votre formation. Voici [&hellip;]<\/p>\n","protected":false},"author":2,"featured_media":521,"parent":243,"menu_order":4,"comment_status":"closed","ping_status":"closed","template":"","meta":{"footnotes":""},"class_list":["post-913","page","type-page","status-publish","has-post-thumbnail","hentry"],"_links":{"self":[{"href":"https:\/\/s2consulting.fr\/index.php\/wp-json\/wp\/v2\/pages\/913","targetHints":{"allow":["GET"]}}],"collection":[{"href":"https:\/\/s2consulting.fr\/index.php\/wp-json\/wp\/v2\/pages"}],"about":[{"href":"https:\/\/s2consulting.fr\/index.php\/wp-json\/wp\/v2\/types\/page"}],"author":[{"embeddable":true,"href":"https:\/\/s2consulting.fr\/index.php\/wp-json\/wp\/v2\/users\/2"}],"replies":[{"embeddable":true,"href":"https:\/\/s2consulting.fr\/index.php\/wp-json\/wp\/v2\/comments?post=913"}],"version-history":[{"count":4,"href":"https:\/\/s2consulting.fr\/index.php\/wp-json\/wp\/v2\/pages\/913\/revisions"}],"predecessor-version":[{"id":918,"href":"https:\/\/s2consulting.fr\/index.php\/wp-json\/wp\/v2\/pages\/913\/revisions\/918"}],"up":[{"embeddable":true,"href":"https:\/\/s2consulting.fr\/index.php\/wp-json\/wp\/v2\/pages\/243"}],"wp:featuredmedia":[{"embeddable":true,"href":"https:\/\/s2consulting.fr\/index.php\/wp-json\/wp\/v2\/media\/521"}],"wp:attachment":[{"href":"https:\/\/s2consulting.fr\/index.php\/wp-json\/wp\/v2\/media?parent=913"}],"curies":[{"name":"wp","href":"https:\/\/api.w.org\/{rel}","templated":true}]}}