{"id":89,"date":"2021-05-12T04:06:29","date_gmt":"2021-05-12T04:06:29","guid":{"rendered":"https:\/\/s2consulting.fr\/?page_id=89"},"modified":"2025-07-07T15:00:43","modified_gmt":"2025-07-07T15:00:43","slug":"contact","status":"publish","type":"page","link":"https:\/\/s2consulting.fr\/index.php\/contact\/","title":{"rendered":"CONTACT"},"content":{"rendered":"\t\t<div data-elementor-type=\"wp-page\" data-elementor-id=\"89\" class=\"elementor elementor-89\">\n\t\t\t\t\t\t<section class=\"elementor-section elementor-top-section elementor-element elementor-element-26d8212b elementor-section-full_width elementor-section-height-default elementor-section-height-default\" data-id=\"26d8212b\" data-element_type=\"section\">\n\t\t\t\t\t\t<div class=\"elementor-container elementor-column-gap-default\">\n\t\t\t\t\t<div class=\"elementor-column elementor-col-100 elementor-top-column elementor-element elementor-element-9ca250b\" data-id=\"9ca250b\" data-element_type=\"column\">\n\t\t\t<div class=\"elementor-widget-wrap elementor-element-populated\">\n\t\t\t\t\t\t<div class=\"elementor-element elementor-element-fdb7e88 elementor-arrows-position-inside elementor-pagination-position-outside elementor-widget elementor-widget-image-carousel\" data-id=\"fdb7e88\" data-element_type=\"widget\" data-settings=\"{&quot;slides_to_show&quot;:&quot;1&quot;,&quot;navigation&quot;:&quot;both&quot;,&quot;autoplay&quot;:&quot;yes&quot;,&quot;pause_on_hover&quot;:&quot;yes&quot;,&quot;pause_on_interaction&quot;:&quot;yes&quot;,&quot;autoplay_speed&quot;:5000,&quot;infinite&quot;:&quot;yes&quot;,&quot;effect&quot;:&quot;slide&quot;,&quot;speed&quot;:500}\" data-widget_type=\"image-carousel.default\">\n\t\t\t\t<div class=\"elementor-widget-container\">\n\t\t\t\t\t\t\t<div class=\"elementor-image-carousel-wrapper swiper\" role=\"region\" aria-roledescription=\"carousel\" aria-label=\"Carrousel d\u2019images\" dir=\"ltr\">\n\t\t\t<div class=\"elementor-image-carousel swiper-wrapper swiper-image-stretch\" aria-live=\"off\">\n\t\t\t\t\t\t\t\t<div class=\"swiper-slide\" role=\"group\" aria-roledescription=\"slide\" aria-label=\"1 sur 3\"><figure class=\"swiper-slide-inner\"><img decoding=\"async\" class=\"swiper-slide-image\" src=\"https:\/\/s2consulting.fr\/wp-content\/uploads\/2021\/05\/Banner-4.jpg\" alt=\"L\u00e9gende 1\" \/><\/figure><\/div><div class=\"swiper-slide\" role=\"group\" aria-roledescription=\"slide\" aria-label=\"2 sur 3\"><figure class=\"swiper-slide-inner\"><img decoding=\"async\" class=\"swiper-slide-image\" src=\"https:\/\/s2consulting.fr\/wp-content\/uploads\/2021\/05\/Banner-3-e1620451420749.jpg\" alt=\"L\u00e9gende 2\" \/><\/figure><\/div><div class=\"swiper-slide\" role=\"group\" aria-roledescription=\"slide\" aria-label=\"3 sur 3\"><figure class=\"swiper-slide-inner\"><img decoding=\"async\" class=\"swiper-slide-image\" src=\"https:\/\/s2consulting.fr\/wp-content\/uploads\/2021\/05\/Banner-1-e1620451491617.jpg\" alt=\"L\u00e9gende 3\" \/><\/figure><\/div>\t\t\t<\/div>\n\t\t\t\t\t\t\t\t\t\t\t\t<div class=\"elementor-swiper-button elementor-swiper-button-prev\" role=\"button\" tabindex=\"0\">\n\t\t\t\t\t\t<i aria-hidden=\"true\" class=\"eicon-chevron-left\"><\/i>\t\t\t\t\t<\/div>\n\t\t\t\t\t<div class=\"elementor-swiper-button elementor-swiper-button-next\" role=\"button\" tabindex=\"0\">\n\t\t\t\t\t\t<i aria-hidden=\"true\" class=\"eicon-chevron-right\"><\/i>\t\t\t\t\t<\/div>\n\t\t\t\t\n\t\t\t\t\t\t\t\t\t<div class=\"swiper-pagination\"><\/div>\n\t\t\t\t\t\t\t\t\t<\/div>\n\t\t\t\t\t\t<\/div>\n\t\t\t\t<\/div>\n\t\t\t\t\t<\/div>\n\t\t<\/div>\n\t\t\t\t\t<\/div>\n\t\t<\/section>\n\t\t\t\t<section class=\"elementor-section elementor-top-section elementor-element elementor-element-4ad74d5 elementor-section-boxed elementor-section-height-default elementor-section-height-default\" data-id=\"4ad74d5\" data-element_type=\"section\">\n\t\t\t\t\t\t<div class=\"elementor-container elementor-column-gap-default\">\n\t\t\t\t\t<div class=\"elementor-column elementor-col-100 elementor-top-column elementor-element elementor-element-e5a1421\" data-id=\"e5a1421\" data-element_type=\"column\">\n\t\t\t<div class=\"elementor-widget-wrap elementor-element-populated\">\n\t\t\t\t\t\t<section class=\"elementor-section elementor-inner-section elementor-element elementor-element-114aeec elementor-section-boxed elementor-section-height-default elementor-section-height-default\" data-id=\"114aeec\" data-element_type=\"section\">\n\t\t\t\t\t\t<div class=\"elementor-container elementor-column-gap-default\">\n\t\t\t\t\t<div class=\"elementor-column elementor-col-100 elementor-inner-column elementor-element elementor-element-ccc5190\" data-id=\"ccc5190\" data-element_type=\"column\">\n\t\t\t<div class=\"elementor-widget-wrap\">\n\t\t\t\t\t\t\t<\/div>\n\t\t<\/div>\n\t\t\t\t\t<\/div>\n\t\t<\/section>\n\t\t\t\t<section class=\"elementor-section elementor-inner-section elementor-element elementor-element-aff2a21 elementor-section-boxed elementor-section-height-default elementor-section-height-default\" data-id=\"aff2a21\" data-element_type=\"section\">\n\t\t\t\t\t\t<div class=\"elementor-container elementor-column-gap-default\">\n\t\t\t\t\t<div class=\"elementor-column elementor-col-50 elementor-inner-column elementor-element elementor-element-9ea4587\" data-id=\"9ea4587\" data-element_type=\"column\">\n\t\t\t<div class=\"elementor-widget-wrap elementor-element-populated\">\n\t\t\t\t\t\t<div class=\"elementor-element elementor-element-2c62821 elementor-widget elementor-widget-text-editor\" data-id=\"2c62821\" data-element_type=\"widget\" data-widget_type=\"text-editor.default\">\n\t\t\t\t<div class=\"elementor-widget-container\">\n\t\t\t\t\t\t\t\t\t<p><strong>S2 CONSULTING &amp; FORMATION<\/strong><\/p><p>propose toutes les formations pour les professionnels, dans les domaines de la s\u00e9curit\u00e9, de la pr\u00e9vention des risques et de la conduite d\u2019engins.<\/p><h4 style=\"font-family: Roboto, sans-serif; color: #7a7a7a; text-align: left;\">Pour toute demande d\u2019information sur les formations,\u00a0<br \/>les tarifs ou l\u2019envoi des programmes \u00e0 jour,<\/h4><p>merci de nous contacter 05 58 70 36 88 ou au 06 67 30 86 72\u00a0<\/p><p>Par email : accueil.s2consulting@gmail.com<\/p><p>Dans le cadre de nos certifications Qualit\u00e9s nous pouvons \u00e9galement d\u00e9poser une plainte ou une r\u00e9clamation dans le menu d\u00e9roulant ci-contre\u00a0<\/p>\t\t\t\t\t\t\t\t<\/div>\n\t\t\t\t<\/div>\n\t\t\t\t<div class=\"elementor-element elementor-element-17bb87d elementor-widget elementor-widget-google_maps\" data-id=\"17bb87d\" data-element_type=\"widget\" data-widget_type=\"google_maps.default\">\n\t\t\t\t<div class=\"elementor-widget-container\">\n\t\t\t\t\t\t\t<div class=\"elementor-custom-embed\">\n\t\t\t<iframe loading=\"lazy\"\n\t\t\t\t\tsrc=\"https:\/\/maps.google.com\/maps?q=390%20Route%20de%20saubrigues%20%2040230%20BENESSE%20MAREMNE%20&#038;t=m&#038;z=10&#038;output=embed&#038;iwloc=near\"\n\t\t\t\t\ttitle=\"390 Route de saubrigues  40230 BENESSE MAREMNE \"\n\t\t\t\t\taria-label=\"390 Route de saubrigues  40230 BENESSE MAREMNE \"\n\t\t\t><\/iframe>\n\t\t<\/div>\n\t\t\t\t\t\t<\/div>\n\t\t\t\t<\/div>\n\t\t\t\t\t<\/div>\n\t\t<\/div>\n\t\t\t\t<div class=\"elementor-column elementor-col-50 elementor-inner-column elementor-element elementor-element-4b1714f\" data-id=\"4b1714f\" data-element_type=\"column\">\n\t\t\t<div class=\"elementor-widget-wrap elementor-element-populated\">\n\t\t\t\t\t\t<div class=\"elementor-element elementor-element-1e86456 elementor-widget elementor-widget-elementskit-contact-form7\" data-id=\"1e86456\" data-element_type=\"widget\" data-widget_type=\"elementskit-contact-form7.default\">\n\t\t\t\t<div class=\"elementor-widget-container\">\n\t\t\t\t\t<div class=\"ekit-wid-con\" ><div class=\"ekit-form\">\n<div class=\"wpcf7 no-js\" id=\"wpcf7-f358-o1\" lang=\"fr-FR\" dir=\"ltr\" data-wpcf7-id=\"358\">\n<div class=\"screen-reader-response\"><p role=\"status\" aria-live=\"polite\" aria-atomic=\"true\"><\/p> <ul><\/ul><\/div>\n<form action=\"\/index.php\/wp-json\/wp\/v2\/pages\/89#wpcf7-f358-o1\" method=\"post\" class=\"wpcf7-form init\" aria-label=\"Formulaire de contact\" novalidate=\"novalidate\" data-status=\"init\">\n<div style=\"display: none;\">\n<input type=\"hidden\" name=\"_wpcf7\" value=\"358\" \/>\n<input type=\"hidden\" name=\"_wpcf7_version\" value=\"6.0.5\" \/>\n<input type=\"hidden\" name=\"_wpcf7_locale\" value=\"fr_FR\" \/>\n<input type=\"hidden\" name=\"_wpcf7_unit_tag\" value=\"wpcf7-f358-o1\" \/>\n<input type=\"hidden\" name=\"_wpcf7_container_post\" value=\"0\" \/>\n<input type=\"hidden\" name=\"_wpcf7_posted_data_hash\" value=\"\" \/>\n<\/div>\n<p><span class=\"wpcf7-form-control-wrap\" data-name=\"Reclamation\"><select class=\"wpcf7-form-control wpcf7-select wpcf7-validates-as-required\" aria-required=\"true\" aria-invalid=\"false\" name=\"Reclamation\"><option value=\"\">R\u00e9clamation<\/option><option value=\"Plainte\">Plainte<\/option><option value=\"Devis\">Devis<\/option><option value=\"Information\">Information<\/option><option value=\"Am\u00e9lioration\">Am\u00e9lioration<\/option><\/select><\/span>\n<\/p>\n<p><label> Votre nom<br \/>\n<span class=\"wpcf7-form-control-wrap\" data-name=\"your-name\"><input size=\"40\" maxlength=\"400\" class=\"wpcf7-form-control wpcf7-text wpcf7-validates-as-required\" aria-required=\"true\" aria-invalid=\"false\" value=\"\" type=\"text\" name=\"your-name\" \/><\/span> <\/label>\n<\/p>\n<p><label> Votre e-mail<br \/>\n<span class=\"wpcf7-form-control-wrap\" data-name=\"your-email\"><input size=\"40\" maxlength=\"400\" class=\"wpcf7-form-control wpcf7-email wpcf7-validates-as-required wpcf7-text wpcf7-validates-as-email\" aria-required=\"true\" aria-invalid=\"false\" value=\"\" type=\"email\" name=\"your-email\" \/><\/span> <\/label>\n<\/p>\n<p><label> Objet<br \/>\n<span class=\"wpcf7-form-control-wrap\" data-name=\"your-subject\"><input size=\"40\" maxlength=\"400\" class=\"wpcf7-form-control wpcf7-text wpcf7-validates-as-required\" aria-required=\"true\" aria-invalid=\"false\" value=\"\" type=\"text\" name=\"your-subject\" \/><\/span> <\/label>\n<\/p>\n<p><label> Votre message (facultatif)<br \/>\n<span class=\"wpcf7-form-control-wrap\" data-name=\"your-message\"><textarea cols=\"40\" rows=\"10\" maxlength=\"2000\" class=\"wpcf7-form-control wpcf7-textarea\" aria-invalid=\"false\" name=\"your-message\"><\/textarea><\/span> <\/label>\n<\/p>\n<p><input class=\"wpcf7-form-control wpcf7-submit has-spinner\" type=\"submit\" value=\"Envoyer\" \/>\n<\/p><div class=\"wpcf7-response-output\" aria-hidden=\"true\"><\/div>\n<\/form>\n<\/div>\n<\/div><\/div>\t\t\t\t<\/div>\n\t\t\t\t<\/div>\n\t\t\t\t\t<\/div>\n\t\t<\/div>\n\t\t\t\t\t<\/div>\n\t\t<\/section>\n\t\t\t\t\t<\/div>\n\t\t<\/div>\n\t\t\t\t\t<\/div>\n\t\t<\/section>\n\t\t\t\t<section class=\"elementor-section elementor-top-section elementor-element elementor-element-278043f elementor-section-boxed elementor-section-height-default elementor-section-height-default\" data-id=\"278043f\" data-element_type=\"section\">\n\t\t\t\t\t\t<div class=\"elementor-container elementor-column-gap-default\">\n\t\t\t\t\t<div class=\"elementor-column elementor-col-100 elementor-top-column elementor-element elementor-element-5131b5e\" data-id=\"5131b5e\" data-element_type=\"column\">\n\t\t\t<div class=\"elementor-widget-wrap elementor-element-populated\">\n\t\t\t\t\t\t<div class=\"elementor-element elementor-element-dd09bda elementor-widget elementor-widget-heading\" data-id=\"dd09bda\" data-element_type=\"widget\" data-widget_type=\"heading.default\">\n\t\t\t\t<div class=\"elementor-widget-container\">\n\t\t\t\t\t<h2 class=\"elementor-heading-title elementor-size-default\">CGV (Conditions g\u00e9n\u00e9rales de vente)<\/h2>\t\t\t\t<\/div>\n\t\t\t\t<\/div>\n\t\t\t\t\t<\/div>\n\t\t<\/div>\n\t\t\t\t\t<\/div>\n\t\t<\/section>\n\t\t\t\t<section class=\"elementor-section elementor-top-section elementor-element elementor-element-8976181 elementor-section-boxed elementor-section-height-default elementor-section-height-default\" data-id=\"8976181\" data-element_type=\"section\">\n\t\t\t\t\t\t<div class=\"elementor-container elementor-column-gap-default\">\n\t\t\t\t\t<div class=\"elementor-column elementor-col-100 elementor-top-column elementor-element elementor-element-42e04c2\" data-id=\"42e04c2\" data-element_type=\"column\">\n\t\t\t<div class=\"elementor-widget-wrap elementor-element-populated\">\n\t\t\t\t\t\t<div class=\"elementor-element elementor-element-8f3d792 elementor-widget elementor-widget-text-editor\" data-id=\"8f3d792\" data-element_type=\"widget\" data-widget_type=\"text-editor.default\">\n\t\t\t\t<div class=\"elementor-widget-container\">\n\t\t\t\t\t\t\t\t\t<p class=\"MsoNormal\" style=\"margin: 0cm 0.45pt 0cm 7.1pt; line-height: normal; font-size: 11pt; font-family: Aptos, sans-serif; color: #000000; text-align: justify;\"><span style=\"font-size: 6.5pt; font-family: Calibri, sans-serif; color: #4d4d4f;\">Les ventes de prestations de formation effectu\u00e9es sont soumises aux pr\u00e9sentes conditions g\u00e9n\u00e9rales auxquelles l&rsquo;acheteur d\u00e9nomm\u00e9 client, d\u00e9clare adh\u00e9rer sans restriction ni r\u00e9serve. L\u2019organisme de formation se r\u00e9serve le droit de r\u00e9viser les CGV \u00e0 tout moment<\/span><span style=\"font-size: 5pt; font-family: Calibri, sans-serif; color: #4d4d4f;\">, <\/span><span style=\"font-size: 6.5pt; font-family: Calibri, sans-serif; color: #4d4d4f;\">les nouvelles CGV <\/span><span style=\"font-size: 6.5pt; font-family: Calibri, sans-serif; color: #4d4d4f;\">s\u2019appliquant \u00e0 toute nouvelle Commande, quelle que soit l\u2019ant\u00e9riorit\u00e9 des relations contractuelles existant entre notre soci\u00e9t\u00e9 et le Client.<\/span><\/p><p class=\"MsoNormal\" style=\"margin: 0.25pt 0.05pt 0cm 7.1pt; line-height: 14.8133px; font-size: 11pt; font-family: Aptos, sans-serif; color: #000000; text-align: justify;\"><span style=\"font-size: 6.5pt; line-height: 8.75333px; font-family: Calibri, sans-serif; color: #4d4d4f;\">Lorsque les<\/span> <span style=\"font-size: 6.5pt; line-height: 8.75333px; font-family: Calibri, sans-serif; color: #4d4d4f;\">actions sont financ\u00e9es<\/span> <span style=\"font-size: 6.5pt; line-height: 8.75333px; font-family: Calibri, sans-serif; color: #4d4d4f;\">par<\/span> <span style=\"font-size: 6.5pt; line-height: 8.75333px; font-family: Calibri, sans-serif; color: #4d4d4f;\">la Caisse des d\u00e9p\u00f4ts (CDC)<\/span> <span style=\"font-size: 6.5pt; line-height: 8.75333px; font-family: Calibri, sans-serif; color: #4d4d4f;\">dans le<\/span> <span style=\"font-size: 6.5pt; line-height: 8.75333px; font-family: Calibri, sans-serif; color: #4d4d4f;\">cadre du CPF, les conditions<\/span> <span style=\"font-size: 6.5pt; line-height: 8.75333px; font-family: Calibri, sans-serif; color: #4d4d4f;\">g\u00e9n\u00e9rales<\/span><span style=\"font-size: 6.5pt; line-height: 8.75333px; font-family: Calibri, sans-serif; color: #4d4d4f;\"> d&rsquo;utilisation du service d\u00e9mat\u00e9rialis\u00e9 (CGU) tiennent lieu de convention pour le prestataire et le titulaire du compte.<\/span><\/p><p class=\"MsoListParagraph\" style=\"margin: 0.25pt 0.05pt 0cm 14.2pt; line-height: 14.8133px; font-size: 11pt; font-family: Aptos, sans-serif; color: #000000; text-align: justify; text-indent: -7.1pt;\"><b><span style=\"font-size: 6.5pt; line-height: 8.75333px; font-family: 'Microsoft Sans Serif', sans-serif; color: #4f81bd;\">1- <\/span><\/b><b><u><span style=\"font-size: 6.5pt; line-height: 8.75333px; font-family: 'Microsoft Sans Serif', sans-serif; color: #4f81bd;\">D\u00e9signation<\/span><\/u><\/b><b><u><\/u><\/b><\/p><p class=\"MsoNormal\" style=\"margin: 0.25pt 0.05pt 0cm 7.1pt; line-height: 14.8133px; font-size: 11pt; font-family: Aptos, sans-serif; color: #000000; text-align: justify;\"><span style=\"font-size: 6.5pt; line-height: 8.75333px; font-family: Calibri, sans-serif; color: #4d4d4f; letter-spacing: -0.1pt;\">Le terme \u00ab CGV \u00bb d\u00e9signe les conditions g\u00e9n\u00e9rales de vente objet des pr\u00e9sentes. Le terme \u00ab organisme de formation \u00bb d\u00e9signe l\u2019ensemble de nos centres de formation et agences. Le terme \u00ab client \u00bb d\u00e9signe le donneur d&rsquo;ordre quel que soit sa qualit\u00e9.<\/span><\/p><p class=\"MsoListParagraph\" style=\"margin: 0.25pt 0.05pt 0cm 14.2pt; line-height: 14.8133px; font-size: 11pt; font-family: Aptos, sans-serif; color: #000000; text-align: justify; text-indent: -7.1pt;\"><b><span style=\"font-size: 6.5pt; line-height: 8.75333px; font-family: 'Microsoft Sans Serif', sans-serif; color: #4f81bd;\">2- <\/span><\/b><b><u><span style=\"font-size: 6.5pt; line-height: 8.75333px; font-family: 'Microsoft Sans Serif', sans-serif; color: #4f81bd;\">\u00a0Information et proposition commerciale<\/span><\/u><\/b><\/p><p class=\"MsoNormal\" style=\"margin: 0cm 0.45pt 0cm 7.1pt; line-height: normal; font-size: 11pt; font-family: Aptos, sans-serif; color: #000000; text-align: justify;\"><span style=\"font-size: 6.5pt; font-family: Calibri, sans-serif; color: #4d4d4f;\">Les formations propos\u00e9es sont pr\u00e9sent\u00e9es sur un support \u00e9crit (plaquette de pr\u00e9sentation) ou par le biais du site <\/span><a href=\"https:\/\/s2consulting.fr\"><span style=\"font-size: 6.5pt; font-family: Calibri, sans-serif; color: #4d4d4f;\">https:\/\/s2consulting.fr<\/span><\/a><span style=\"font-size: 6.5pt; font-family: Calibri, sans-serif; color: #4d4d4f;\"> \u00a0. Un devis gratuit sera r\u00e9alis\u00e9 au verso duquel figureront les pr\u00e9sentes CGV. Le devis est remis au client sous forme d\u00e9mat\u00e9rialis\u00e9e, en main propre ou par courrier. Il pr\u00e9cise les caract\u00e9ristiques de l\u2019action, le prix de l\u2019action, la dur\u00e9e et la p\u00e9riode de r\u00e9alisation (ou les dates disponibles), ainsi que les modalit\u00e9s de paiement. Est annex\u00e9 au devis le programme de l\u2019action pr\u00e9cisant les objectifs, les moyens, les pr\u00e9-requis, le contenu, les modalit\u00e9s de suivis et de d\u00e9roulement, les modalit\u00e9s d\u2019\u00e9valuation. De convention expresse, le programme annex\u00e9 \u00e0 la proposition commerciale forme un ensemble invisible dans l\u2019esprit des parties.<\/span><\/p><p class=\"MsoNormal\" style=\"margin: 0cm 0.45pt 0cm 7.1pt; line-height: normal; font-size: 11pt; font-family: Aptos, sans-serif; color: #000000; text-align: justify;\"><span style=\"font-size: 6.5pt; font-family: Calibri, sans-serif; color: #4d4d4f;\">\u00c0 d\u00e9faut de confirmation par le client de sa commande dans un d\u00e9lai de 30 jours calendaires \u00e0 compter de l&rsquo;envoi du devis, ce dernier sera r\u00e9put\u00e9 caduc.<\/span><\/p><p class=\"MsoListParagraph\" style=\"margin: 0.25pt 0.05pt 0cm 14.2pt; line-height: 14.8133px; font-size: 11pt; font-family: Aptos, sans-serif; color: #000000; text-align: justify; text-indent: -7.1pt;\"><a name=\"_Hlk201307376\"><\/a><b><span style=\"font-size: 6.5pt; line-height: 8.75333px; font-family: 'Microsoft Sans Serif', sans-serif; color: #4f81bd;\">3- <\/span><\/b><b><u><span style=\"font-size: 6.5pt; line-height: 8.75333px; font-family: 'Microsoft Sans Serif', sans-serif; color: #4f81bd;\">\u00a0Commande d\u2019actions de formation et inscription<\/span><\/u><\/b><\/p><p class=\"MsoNormal\" style=\"margin: 0cm 0.45pt 0cm 7.1pt; line-height: normal; font-size: 11pt; font-family: Aptos, sans-serif; color: #000000; text-align: justify;\"><span style=\"font-size: 6.5pt; font-family: Calibri, sans-serif; color: #4d4d4f;\">Pour confirmer de mani\u00e8re ferme et d\u00e9finitive sa commande, le client devra retourner le devis, sign\u00e9 recto et sans aucune modification apport\u00e9e \u00e0 celui-ci (sauf \u00e0 pr\u00e9ciser les noms des stagiaires le cas \u00e9ch\u00e9ant), soit par courrier ou courriel de pr\u00e9f\u00e9rence avec la mention \u00ab Bon pour accord \u00bb. La formation command\u00e9e par le client est r\u00e9alis\u00e9e conform\u00e9ment au programme annex\u00e9 au devis. Toutefois, le contenu de la formation peut \u00eatre n\u00e9goci\u00e9 de gr\u00e9 \u00e0 gr\u00e9 et \u00eatre adapt\u00e9 aux sp\u00e9cifications du client apr\u00e8s accord \u00e9crit avec notre organisme de formation. La participation aux formations implique de la part du client que les participants inscrits satisfassent bien aux pr\u00e9-requis (effectif, comp\u00e9tences etc.) mentionn\u00e9s dans le document de la pr\u00e9sentation de la formation. En cons\u00e9quence, le choix et le nombre de participants aptes \u00e0 suivre la formation est de la seule responsabilit\u00e9 du client. Le client se charge de transmettre \u00e0 S2 CONSULTING \u00a0les contre-indications, m\u00e9dicales ou d&rsquo;une autre nature, \u00e9ventuelles concernant les participants et \u00e0 ces derniers les renseignements relatifs \u00e0 la session de formation (date, lieu, horaire etc.).<\/span><\/p><p class=\"MsoNormal\" style=\"margin: 0.4pt 0cm 0cm -14.2pt; line-height: normal; font-size: 11pt; font-family: Aptos, sans-serif; color: #000000; text-indent: 21.3pt;\"><b><u><span style=\"font-size: 6.5pt; font-family: Arial, sans-serif; color: #4f81bd;\">Modalit\u00e9s sp\u00e9cifiques <span style=\"letter-spacing: -0.5pt;\">:<\/span><\/span><\/u><\/b><\/p><p class=\"MsoNormal\" style=\"margin: 0.4pt 0cm 0cm -14.2pt; line-height: normal; font-size: 11pt; font-family: Aptos, sans-serif; color: #000000; text-indent: 21.3pt;\"><b><span style=\"font-size: 6.5pt; font-family: Arial, sans-serif; color: #4f81bd; letter-spacing: -0.5pt;\">Pour les actions de formation financ\u00e9e par une entreprise, un OPCO ou un FAF de non-salari\u00e9s<\/span><\/b><b><\/b><\/p><p class=\"MsoNormal\" style=\"margin: 0cm 0.45pt 0cm 7.1pt; line-height: normal; font-size: 11pt; font-family: Aptos, sans-serif; color: #000000; text-align: justify;\"><span style=\"font-size: 6.5pt; font-family: Calibri, sans-serif; color: #4d4d4f;\">Le devis approuv\u00e9 rev\u00eatu de la mention \u00ab bon pour accord \u00bb tient lieu de convention. Le Client reconna\u00eet a cet effet qu\u2019il a b\u00e9n\u00e9fici\u00e9 au pr\u00e9alable des informations et conseils suffisants de l\u2019organisme de formation lui permettant de s\u2019assurer de l\u2019ad\u00e9quation de l\u2019offre \u00e0 ses besoins et aux pr\u00e9-requis n\u00e9cessaires pour suivre la formation consid\u00e9r\u00e9e. Il reconnait aussi avoir pris connaissances des pi\u00e8ces annexes annex\u00e9es \u00e0 l\u2019offre (CGV, programme)<\/span><\/p><p class=\"MsoNormal\" style=\"margin: 0.4pt 0cm 0cm 7.1pt; line-height: normal; font-size: 11pt; font-family: Aptos, sans-serif; color: #000000;\"><b><span style=\"font-size: 6.5pt; font-family: Arial, sans-serif; color: #4f81bd; letter-spacing: -0.5pt;\">Pour les actions de formation financ\u00e9e par la CPIR (Transition prof), l&rsquo;Etat, une R\u00e9gion, France Travail, le FNE ou l\u2019Agefiph<\/span><\/b><\/p><p class=\"MsoNormal\" style=\"margin: 0cm 0.45pt 0cm 7.1pt; line-height: normal; font-size: 11pt; font-family: Aptos, sans-serif; color: #000000; text-align: justify;\"><span style=\"font-size: 6.5pt; font-family: Calibri, sans-serif; color: #4d4d4f;\">L\u2019acceptation du devis vaut r\u00e9servation. Une convention sera envoy\u00e9e conform\u00e9ment \u00e0 l\u2019article L. 6353- 1 du code du travail. L\u2019inscription ne sera d\u00e9finitive qu\u2019apr\u00e8s r\u00e9ception de la convention dument sign\u00e9e. Cette convention d\u00e9finit les conditions et modalit\u00e9s de la prestation de formation en sus des CGV et du devis accept\u00e9 par le Client.<\/span><\/p><p class=\"MsoNormal\" style=\"margin: 0.4pt 0cm 0cm 7.1pt; line-height: normal; font-size: 11pt; font-family: Aptos, sans-serif; color: #000000;\"><b><span style=\"font-size: 6.5pt; font-family: Arial, sans-serif; color: #4f81bd; letter-spacing: -0.5pt;\">Pour une action financ\u00e9e \u00e0 titre individuel<\/span><\/b><\/p><p class=\"MsoNormal\" style=\"margin: 0cm 0.45pt 0cm 7.1pt; line-height: normal; font-size: 11pt; font-family: Aptos, sans-serif; color: #000000; text-align: justify;\"><span style=\"font-size: 6.5pt; font-family: Calibri, sans-serif; color: #4d4d4f;\">Apr\u00e8s acceptation du devis, un contrat de formation sera \u00e9tabli avant l\u2019inscription d\u00e9finitive et tout r\u00e8glement de frais conform\u00e9ment aux dispositions r\u00e8glementaires. Apr\u00e8s signature du contrat, le client peut se r\u00e9tracter dans le d\u00e9lai de 10 jours. Le droit de r\u00e9tractation s\u2019exerce par l\u2019envoi d\u2019une lettre recommand\u00e9e avec avis de r\u00e9ception ou remise en main propre. Aucune somme ne sera exig\u00e9e avant l&rsquo;expiration de ce d\u00e9lai de r\u00e9tractation. Un acompte d&rsquo;un montant inf\u00e9rieur ou \u00e9gal \u00e0 30 % du prix de la formation peut \u00eatre demand\u00e9 \u00e0 l&rsquo;expiration du d\u00e9lai de r\u00e9tractation : 10 jours \u00e0 compter de la signature du contrat, 14 jours pour les contrats conclus \u00e0 distance ou hors \u00e9tablissement ; le solde \u00e9tant payable \u00e0 la fin de la formation sur facture \u00e9mise.<\/span><\/p><p class=\"MsoNormal\" style=\"margin: 0.3pt 0cm 0cm -14.2pt; line-height: 7.45pt; font-size: 11pt; font-family: Aptos, sans-serif; color: #000000; text-indent: 21.3pt;\"><b><i><u><span style=\"font-size: 6.5pt; font-family: Arial, sans-serif; color: #548dd4;\">INSCRIPTION<\/span><\/u><\/i><\/b><b><i><u> <\/u><\/i><\/b><b><i><u><span style=\"font-size: 6.5pt; font-family: Arial, sans-serif; color: #548dd4;\">DEFINITIVE<\/span><\/u><\/i><\/b><b><i><u> <\/u><\/i><\/b><b><i><u><span style=\"font-size: 6.5pt; font-family: Arial, sans-serif; color: #548dd4; letter-spacing: -0.5pt;\">:<\/span><\/u><\/i><\/b><b><i><\/i><\/b><b><i><\/i><\/b><\/p><p class=\"MsoNormal\" style=\"margin: 0cm 0.45pt 0cm 7.1pt; line-height: normal; font-size: 11pt; font-family: Aptos, sans-serif; color: #000000; text-align: justify;\"><b><span style=\"font-size: 6.5pt; font-family: 'Arial Narrow', sans-serif; color: #4d4d4f;\">Dans tous les cas, l\u2019inscription est r\u00e9put\u00e9e terme et d\u00e9finitive lorsque le Client renvoie, selon son statut, le devis &#8211; la convention &#8211; ou le contrat sign\u00e9, (par courriel, courrier), au moins 6 jours avant le d\u00e9but de la formation pr\u00e9vue. Dans le cas d&rsquo;une confirmation plus tardive, le centre ne garantit pas une inscription aux dates propos\u00e9es.<\/span><\/b><\/p><p class=\"MsoListParagraph\" style=\"margin: 0.25pt 0.05pt 0cm 14.2pt; line-height: 14.8133px; font-size: 11pt; font-family: Aptos, sans-serif; color: #000000; text-align: justify; text-indent: -7.1pt;\"><b><span style=\"font-size: 6.5pt; line-height: 8.75333px; font-family: 'Microsoft Sans Serif', sans-serif; color: #4f81bd;\">4- <\/span><\/b><b><u><span style=\"font-size: 6.5pt; line-height: 8.75333px; font-family: 'Microsoft Sans Serif', sans-serif; color: #4f81bd;\">Traitement\u00a0 des demandes de financement par subrogation \u00a0(OPCO)<\/span><\/u><\/b><\/p><p class=\"MsoNormal\" style=\"margin: 0cm 0.45pt 0cm 7.1pt; line-height: normal; font-size: 11pt; font-family: Aptos, sans-serif; color: #000000; text-align: justify;\"><span style=\"font-size: 6.5pt; font-family: Calibri, sans-serif; color: #4d4d4f;\">Dans le cas d\u2019une demande de prise en charge par un OPCO, si l\u2019entreprise opte pour la subrogation de paiement, il lui appartient de faire les d\u00e9marches suivantes\u00a0:<\/span><\/p><p class=\"MsoNormal\" style=\"margin: 0cm 0.45pt 0cm 7.1pt; line-height: normal; font-size: 11pt; font-family: Aptos, sans-serif; color: #000000; text-align: justify;\"><span style=\"font-size: 6.5pt; font-family: Calibri, sans-serif; color: #4d4d4f;\">Faire une demande de prise en charge et s\u2019assurer de l\u2019acceptation de sa demande par l\u2019OPCO avant toute inscription ou commande.<\/span><\/p><p class=\"MsoNormal\" style=\"margin: 0cm 0.45pt 0cm 7.1pt; line-height: normal; font-size: 11pt; font-family: Aptos, sans-serif; color: #000000; text-align: justify;\"><span style=\"font-size: 6.5pt; font-family: Calibri, sans-serif; color: #4d4d4f;\">L\u2019indiquer explicitement dans le devis sign\u00e9 et joindre la copie de la demande prise en charge au devis accept\u00e9<\/span><\/p><p class=\"MsoNormal\" style=\"margin: 0cm 0.45pt 0cm 7.1pt; line-height: normal; font-size: 11pt; font-family: Aptos, sans-serif; color: #000000; text-align: justify;\"><span style=\"font-size: 6.5pt; font-family: Calibri, sans-serif; color: #4d4d4f;\">Faire parvenir par mail ou courrier l\u2019accord de prise en charge au plus tard le jour de l\u2019entr\u00e9e en formation<\/span><\/p><p class=\"MsoNormal\" style=\"margin: 0cm 0.45pt 0cm 7.1pt; line-height: normal; font-size: 11pt; font-family: Aptos, sans-serif; color: #000000; text-align: justify;\"><span style=\"font-size: 6.5pt; font-family: Calibri, sans-serif; color: #4d4d4f;\">Si notre organisme de formation n\u2019a pas re\u00e7u la prise en charge de l\u2019OPCO au premier jour de formation, le client sera factur\u00e9 de la totalit\u00e9 de la Prestation command\u00e9e. Si l\u2019OPCO ne prend en charge que partiellement le co\u00fbt de la formation, le compl\u00e9ment de facture sera adress\u00e9 au client. Seules \u00e9tant prises en charge, les heures de formation r\u00e9ellement suivies par le ou les stagiaires, les heures d&rsquo;absence vous seront alors factur\u00e9es directement et seront payables comptant \u00e0 r\u00e9ception de la facture. En cas de non-paiement par l\u2019OPCO dans un d\u00e9lai de 6 mois, le client restera redevable de l\u2019int\u00e9gralit\u00e9 du co\u00fbt de la formation et sera factur\u00e9 du montant correspondant.<\/span><\/p><p class=\"MsoListParagraph\" style=\"margin: 0.25pt 0.05pt 0cm 14.2pt; line-height: 14.8133px; font-size: 11pt; font-family: Aptos, sans-serif; color: #000000; text-align: justify; text-indent: -7.1pt;\"><a name=\"_Hlk201305873\"><\/a><b><span style=\"font-size: 6.5pt; line-height: 8.75333px; font-family: 'Microsoft Sans Serif', sans-serif; color: #4f81bd;\">5- <\/span><\/b><b><u><span style=\"font-size: 6.5pt; line-height: 8.75333px; font-family: 'Microsoft Sans Serif', sans-serif; color: #4f81bd;\">Convocation des participants<\/span><\/u><\/b><\/p><p class=\"MsoNormal\" style=\"margin: 0cm 0.45pt 0cm 7.1pt; line-height: normal; font-size: 11pt; font-family: Aptos, sans-serif; color: #000000; text-align: justify;\"><span style=\"font-size: 6.5pt; font-family: Calibri, sans-serif; color: #4d4d4f;\">Une convocation est adress\u00e9e \u00e0 l\u2019avance au plus tard dans les 3 jours qui pr\u00e9c\u00e9dent le d\u00e9but du stage sauf dans le cas d&rsquo;une r\u00e9servation de stage en dernier lieu ou de circonstances exceptionnelles. L\u2019entreprise cliente est en charge de transmettre la convocation \u00e0 chacun des salari\u00e9s inscrit.<\/span><\/p><p class=\"MsoListParagraph\" style=\"margin: 0.25pt 0.05pt 0cm 14.2pt; line-height: 14.8133px; font-size: 11pt; font-family: Aptos, sans-serif; color: #000000; text-align: justify; text-indent: -7.1pt;\"><b><span style=\"font-size: 6.5pt; line-height: 8.75333px; font-family: 'Microsoft Sans Serif', sans-serif; color: #4f81bd;\">6- <\/span><\/b><b><u><span style=\"font-size: 6.5pt; line-height: 8.75333px; font-family: 'Microsoft Sans Serif', sans-serif; color: #4f81bd;\">Prix et modalit\u00e9s de paiement<\/span><\/u><\/b><\/p><p class=\"MsoNormal\" style=\"margin: 0cm 0.45pt 0cm 7.1pt; line-height: normal; font-size: 11pt; font-family: Aptos, sans-serif; color: #000000; text-align: justify;\"><span style=\"font-size: 6.5pt; font-family: Calibri, sans-serif; color: #4d4d4f;\">Les prix mentionn\u00e9s dans le devis comprennent les frais p\u00e9dagogiques, les documents et\/ou supports remis au stagiaire.<\/span><\/p><p class=\"MsoNormal\" style=\"margin: 0cm 0.45pt 0cm 7.1pt; line-height: normal; font-size: 11pt; font-family: Aptos, sans-serif; color: #000000; text-align: justify;\"><span style=\"font-size: 6.5pt; font-family: Calibri, sans-serif; color: #4d4d4f;\">Nos prix sont \u00e9tablis en Euro hors taxe et sont major\u00e9s du taux de TVA en vigueur.\u00a0 La facture est adress\u00e9e au client apr\u00e8s ex\u00e9cution de la prestation. Toute prestation situ\u00e9e \u00e0 une distance sup\u00e9rieure \u00e0 50 KM de l\u2019\u00e9tablissement de formation, peut pr\u00e9tendre \u00e0 une majoration forfaitaire couvrant les frais de d\u00e9placement mentionn\u00e9s sur le devis.<\/span><\/p><p class=\"MsoNormal\" style=\"margin: 0cm 0.45pt 0cm 7.1pt; line-height: normal; font-size: 11pt; font-family: Aptos, sans-serif; color: #000000; text-align: justify;\"><span style=\"font-size: 6.5pt; font-family: Calibri, sans-serif; color: #4d4d4f;\">\u00a0Les factures sont adress\u00e9es sous forme \u00e9lectronique aux coordonn\u00e9es de l\u2019adresse mail communiqu\u00e9es par le client lors de la commande. Sur demande expresse, le client peut toujours exiger l\u2019envoi de factures sous une forme non d\u00e9mat\u00e9rialis\u00e9e.<\/span><\/p><p class=\"MsoNormal\" style=\"margin: 0cm 0.45pt 0cm 7.1pt; line-height: normal; font-size: 11pt; font-family: Aptos, sans-serif; color: #000000; text-align: justify;\"><span style=\"font-size: 6.5pt; font-family: Calibri, sans-serif; color: #4d4d4f;\">Le r\u00e8glement des factures peut s\u2019effectuer par ch\u00e8que ou de pr\u00e9f\u00e9rence par virement bancaire (RIB indiqu\u00e9 sur la facture). Les factures sont payables au plus tard dans un d\u00e9lai de 30 jours \u00e0 compter de la date de facture comptant est sans escompte sauf autre \u00e9ch\u00e9ance indiqu\u00e9e dans le devis accept\u00e9. Toute somme non pay\u00e9e \u00e0 l\u2019\u00e9ch\u00e9ance pourra \u00eatre major\u00e9e de plein droit, par des p\u00e9nalit\u00e9s de retard dues mensuellement et calcul\u00e9es aux taux de trois fois le taux d\u2019int\u00e9r\u00eat appliqu\u00e9 par la Banque centrale Europ\u00e9enne major\u00e9 de 07 points de pourcentage.<\/span><\/p><p class=\"MsoNormal\" style=\"margin: 0cm 0.45pt 0cm 7.1pt; line-height: normal; font-size: 11pt; font-family: Aptos, sans-serif; color: #000000; text-align: justify;\"><span style=\"font-size: 6.5pt; font-family: Calibri, sans-serif; color: #4d4d4f;\">Pour les clients professionnels, conform\u00e9ment aux dispositions pr\u00e9vues aux articles L 441-3 et L 441-6 DU Code du Commerce, relatifs \u00e0 l\u2019indemnit\u00e9 forfaitaire pour frais de recouvrement, une somme de 40 euros net de TVA sera appliqu\u00e9e en sus des p\u00e9nalit\u00e9s l\u00e9gales.<\/span><\/p><p class=\"MsoNormal\" style=\"margin: 0cm 0.45pt 0cm 7.1pt; line-height: normal; font-size: 11pt; font-family: Aptos, sans-serif; color: #000000; text-align: justify;\"><span style=\"font-size: 6.5pt; font-family: Calibri, sans-serif; color: #4d4d4f;\">Tout stage commenc\u00e9 est factur\u00e9 dans son entier sauf cas de force majeure.<\/span><\/p><p class=\"MsoNormal\" style=\"margin: 0cm 0.45pt 0cm 7.1pt; line-height: normal; font-size: 11pt; font-family: Aptos, sans-serif; color: #000000; text-align: justify;\"><span style=\"font-size: 6.5pt; font-family: Calibri, sans-serif; color: #4d4d4f;\">En compl\u00e9ment de la facture, le certificat de r\u00e9alisation \u00e9tabli en conformit\u00e9 avec les copies des feuilles <a name=\"_Hlk201310663\"><\/a>d\u2019\u00e9margements sera envoy\u00e9 au client ou \u00e0 l\u2019OPCO en cas de subrogation de paiement.<\/span><b><u><\/u><\/b><\/p><p class=\"MsoListParagraphCxSpFirst\" style=\"margin: 0.25pt 0.05pt 0cm 14.2pt; line-height: 14.8133px; font-size: 11pt; font-family: Aptos, sans-serif; color: #000000; text-align: justify; text-indent: -7.1pt;\"><b><span style=\"font-size: 6.5pt; line-height: 8.75333px; font-family: 'Microsoft Sans Serif', sans-serif; color: #4f81bd;\">7- <\/span><\/b><b><u><span style=\"font-size: 6.5pt; line-height: 8.75333px; font-family: 'Microsoft Sans Serif', sans-serif; color: #4f81bd;\">Modification &#8211; Annulation &#8211; Report<\/span><\/u><\/b><\/p><table class=\"MsoTableGrid\" style=\"border: none; margin-left: 4.8pt; margin-right: 4.8pt;\" border=\"1\" cellspacing=\"0\" cellpadding=\"0\" align=\"right\"><tbody><tr><td style=\"width: 99pt; border-width: 1pt; border-color: windowtext; padding: 0cm 5.4pt;\" valign=\"top\" width=\"132\"><p class=\"MsoListParagraphCxSpLast\" style=\"margin: 0.25pt 0.05pt 0cm 0cm; line-height: 14.8133px; font-size: 11pt; font-family: Aptos, sans-serif; text-align: justify;\"><span style=\"font-size: 6.5pt; line-height: 8.75333px; font-family: 'Microsoft Sans Serif', sans-serif;\">Initiales\u00a0:<\/span><\/p><\/td><\/tr><\/tbody><\/table><p class=\"MsoNormal\" style=\"margin: 0cm 0.45pt 0cm 7.1pt; line-height: normal; font-size: 11pt; font-family: Aptos, sans-serif; color: #000000; text-align: justify;\"><span style=\"font-size: 6.5pt; font-family: Calibri, sans-serif; color: #4d4d4f;\">Dans le cas o\u00f9 l\u2019organisme de formation serait amen\u00e9 \u00e0 annuler un stage de formation intra ou inter entreprise pour quelle cause que ce soit, il proposerait au client le m\u00eame stage \u00e0 d\u2019autres dates dans les plus brefs d\u00e9lais.<\/span><\/p><p class=\"MsoNormal\" style=\"margin: 0cm 0.45pt 0cm 7.1pt; line-height: normal; font-size: 11pt; font-family: Aptos, sans-serif; color: #000000; text-align: justify;\"><span style=\"font-size: 6.5pt; font-family: Calibri, sans-serif; color: #4d4d4f;\">\u00a0<\/span><\/p><p class=\"MsoNormal\" style=\"margin: 0cm 0.45pt 0cm 7.1pt; line-height: normal; font-size: 11pt; font-family: Aptos, sans-serif; color: #000000; text-align: justify;\"><span style=\"font-size: 6.5pt; font-family: Calibri, sans-serif; color: #4d4d4f;\">Aucune indemnit\u00e9 ne sera due par l\u2019organisme de formation au client qui pourra accepter la proposition de report ou annuler son inscription purement e simplement.<\/span><\/p><p class=\"MsoNormal\" style=\"margin: 0cm 0.45pt 0cm 7.1pt; line-height: normal; font-size: 11pt; font-family: Aptos, sans-serif; color: #000000; text-align: justify;\"><span style=\"font-size: 6.5pt; font-family: Calibri, sans-serif; color: #4d4d4f;\">Toute annulation par le client doit \u00eatre communiqu\u00e9e par \u00e9crit (mail ou courrier).<\/span><\/p><p class=\"MsoNormal\" style=\"margin: 0cm 0.45pt 0cm 7.1pt; line-height: normal; font-size: 11pt; font-family: Aptos, sans-serif; color: #000000; text-align: justify;\"><span style=\"font-size: 6.5pt; font-family: Calibri, sans-serif; color: #4d4d4f;\">Jusqu\u2019\u00e0 une date pr\u00e9c\u00e9dant 15 jours calendaires la date fix\u00e9e par le d\u00e9but s\u2019une session de formation INTER ENTREPRISE, le client \u00e0 la facult\u00e9 d&rsquo;annuler, sans frais, par \u00e9crit, la formation command\u00e9e. Pass\u00e9 le d\u00e9lai de pr\u00e9venance susvis\u00e9, le client peut toujours demander l&rsquo;annulation de la formation mais l\u2019organisme de formation facturera alors au client une indemnit\u00e9 d\u2019annulation \u00e9gale \u00e0 50% du montant de la prestation mentionn\u00e9e sur le devis.<\/span><\/p><p class=\"MsoNormal\" style=\"margin: 0cm 0.45pt 0cm 7.1pt; line-height: normal; font-size: 11pt; font-family: Aptos, sans-serif; color: #000000; text-align: justify;\"><span style=\"font-size: 6.5pt; font-family: Calibri, sans-serif; color: #4d4d4f;\">Cette indemnit\u00e9 forfaitaire passera \u00e0 80% du montant indiqu\u00e9 sur le devis sign\u00e9 par le client dans le cas o\u00f9 ce dernier demande l&rsquo;annulation de la formation moins de 5 jours calendaires avant le d\u00e9but de la session. Cette somme donnera lieu \u00e0 une facture simple non imputable sur l\u2019obligation de participation au titre de la formation professionnelle continue.<\/span><\/p><p class=\"MsoNormal\" style=\"margin: 0cm 0.45pt 0cm 7.1pt; line-height: normal; font-size: 11pt; font-family: Aptos, sans-serif; color: #000000; text-align: justify;\"><span style=\"font-size: 6.5pt; font-family: Calibri, sans-serif; color: #4d4d4f;\">Le client peut \u00e9galement demander, par \u00e9crit, un report de la date de formation convenue, dans le respect d\u2019un d\u00e9lai de 15 jours calendaires, cette facult\u00e9 \u00e9tant limit\u00e9e \u00e0 une seule demande afin d&rsquo;\u00e9viter des reports perp\u00e9tuels.<\/span><\/p><p class=\"MsoNormal\" style=\"margin: 0cm 0.45pt 0cm 7.1pt; line-height: normal; font-size: 11pt; font-family: Aptos, sans-serif; color: #000000; text-align: justify;\"><span style=\"font-size: 6.5pt; font-family: Calibri, sans-serif; color: #4d4d4f;\">En cas d\u2019annulation par le client d\u2019un stage INTRA ENTREPRISE moins de 15 jours calendaires avant la date fix\u00e9e pour le d\u00e9but du stage, le client reste imm\u00e9diatement redevable indemnit\u00e9 forfaitaire \u00e9gale \u00e0 80% du co\u00fbt total de la prestation de formation. Les sommes ainsi factur\u00e9es ne sont pas imputables sur l\u2019obligation de participation au titre formation professionnelle continue.<\/span><\/p><p class=\"MsoListParagraph\" style=\"margin: 0.25pt 0.05pt 0cm 14.2pt; line-height: 14.8133px; font-size: 11pt; font-family: Aptos, sans-serif; color: #000000; text-align: justify; text-indent: -7.1pt;\"><b><span style=\"font-size: 6.5pt; line-height: 8.75333px; font-family: 'Microsoft Sans Serif', sans-serif; color: #4f81bd;\">8- <\/span><\/b><b><u><span style=\"font-size: 6.5pt; line-height: 8.75333px; font-family: 'Microsoft Sans Serif', sans-serif; color: #4f81bd;\">Force Majeure<\/span><\/u><\/b><\/p><p class=\"MsoNormal\" style=\"margin: 0cm 0.45pt 0cm 7.1pt; line-height: normal; font-size: 11pt; font-family: Aptos, sans-serif; color: #000000; text-align: justify;\"><span style=\"font-size: 6.5pt; font-family: Calibri, sans-serif; color: #4d4d4f;\">La survenance d&rsquo;un cas de force majeure a pour effet de suspendre l&rsquo;ex\u00e9cution des obligations contractuelles du client ou de l\u2019organisme de formation, sans d\u00e9dommagement ni p\u00e9nalit\u00e9 dus. A ce\u00a0\u00a0 titre, la force majeure s&rsquo;entend de tout \u00e9v\u00e9nement ext\u00e9rieur, impr\u00e9visible et irr\u00e9sistible au sens de l&rsquo;article 1148 du Code civil. Dans les 5 jours ouvrables maximum \u00e0 compter du cas de force majeure, la partie concern\u00e9e s&rsquo;engage \u00e0 en information imm\u00e9diatement, par t\u00e9l\u00e9phone, <img decoding=\"async\" src=\"data:image\/png;base64,iVBORw0KGgoAAAANSUhEUgAAACYAAAANCAYAAADFVhxbAAAABmJLR0QA\/wD\/AP+gvaeTAAAACXBIWXMAAA7EAAAOxAGVKw4bAAAEDElEQVQ4ja2SbUxbZRTHT++FlruClou0rrSQEgwrTjpXCDCQEuIQ4nhLNCZCja5zGF6i48OUlyxk7BMo4JLJ3L50BjCGBbEtHRehvEkTbAlllHUDtNBOG3m5HWkLLS+9fmosMwUl\/JPnwznPc\/7nl+ccyM8vpFpbv5ZTFAVKpapKJvvYTFEUHMfZ3d0N0uv1eUepRcBPPB7PxGK9uALHJLn8XhNBDFw+Su0+sDNnRINCoXDieLAAXC4X66i1Qf6BStVXieP4n77Y4\/FgavWDCr1e\/zaKBu1kZ2d9J5FIOmk0GrWzs0MniIGyc+fS7uM4bgMAePJkPmV1dTU6IyO9e3bWmGW1PhV6PJ4TfX3qCpEocWhu7tEbHA57qbdXUV1QkN929uzrhNvtZt669c2d9XUyisGgb5aXl5dFRr5k3QeWlpbWg+PhNgAAiqJo1683qhcXF5MkEknn1pY7tK3tptxqfSqUSkvrtre3sTt37t4UCAQGH5hOp7tgMBhyMjLSu2dmZt60WJZPe70UolAormAY5mhvv90OABASEuJCEGRPJEocamy8oVpfJ6OSk5OVVqvl1fr6+uHm5qbUfWAREf\/8ls1mizOZHqc3NFzLTUxM1AAAsFisv\/r7iTKptLTusFGUlpbUkyTJdTqd4bW1NcUazfAHXq8XlckuVufknL\/rcrlYvb0\/VS8u\/iZubf1KzOVyF7xeL9LS0tohl99rQgIZc7ncha6ujvCEhIRxXy4+\/pVJp9OJHwYVSEwmc6OgIL8NwzBnaGiovafnx89zc9\/6lsvlLgAAIAjizczM\/H58\/Jf3gg4yCg4O9phMpnSjcU6ysrIaMzo6WnJUKAAAGo3mpdFoFAAASZJch8OBDw4OfTQ5+Wuh743b7WZ6PJ4TAcE2NzdfqKmpGzObzSIej\/eYz+eZiouLmru77x86xv8jiSSzi82OXH4+HxBseHhEura2xm9p+TJJIBAYUBTdGxj4+dJBTSiKCrgazwtF0V0AAD6f\/ygvL\/e2L+9wOHAEQfYCGm1sbLA5HM7vcXFxUyiK7gEAaLXadw6Aoj18OJv9X8E4HI5ZKDylNRqNWf55tfpBRUmJlDxwxywWy2mCIC6Hh+O2qampPLN5SeS7o9PpW0wm85lCofzM5XKx5ufnU5aXl1+LjubP+XvY7c9e1ul0FwCof\/nLZBevXL36hZbP\/+FabGzs9Pa2B1Op+iqTksR9aHz8qQaBQDCTmprS618UExMzOz1tyCGIgbKJCe27UVFR81VVlZfsdvtJsVisZjAYW2FhYaRSqfp0ZGREymKxVoqKClswDHOKRKIhAACStJ\/s7yc+GRsbfz85OUlFpzPc\/n0iIiL+YLPZSx0dnTc0Gs2Hvj61tTXFfwM1nw+nKG+wZwAAAABJRU5ErkJggg==\" width=\"14\" height=\"5\" border=\"0\" \/>\u00a0partie, \u00e0 lui notifier par lettre recommand\u00e9e avec accus\u00e9 de r\u00e9ception la survenance d&rsquo;un tel \u00e9v\u00e8nement et en apporter la preuve. Chaque partie aura le droit de r\u00e9silier la commande de formation ou de la reporter.<\/span><\/p><p class=\"MsoListParagraph\" style=\"margin: 0.25pt 0.05pt 0cm 14.2pt; line-height: 14.8133px; font-size: 11pt; font-family: Aptos, sans-serif; color: #000000; text-align: justify; text-indent: -7.1pt;\"><b><span style=\"font-size: 6.5pt; line-height: 8.75333px; font-family: 'Microsoft Sans Serif', sans-serif; color: #4f81bd;\">9- <\/span><\/b><b><u><span style=\"font-size: 6.5pt; line-height: 8.75333px; font-family: 'Microsoft Sans Serif', sans-serif; color: #4f81bd;\">Sous-traitance<\/span><\/u><\/b><\/p><p class=\"MsoNormal\" style=\"margin: 0cm 0.45pt 0cm 7.1pt; line-height: normal; font-size: 11pt; font-family: Aptos, sans-serif; color: #000000; text-align: justify;\"><span style=\"font-size: 6.5pt; font-family: Calibri, sans-serif; color: #4d4d4f;\">L\u2019organisme de formation se r\u00e9serve le droit de sous-traiter tout ou partie des prestations qui lui sont confi\u00e9es et ce sous son enti\u00e8re et seule responsabilit\u00e9, le Client autorisant le recours \u00e0 la sous-traitance.<\/span><\/p><p class=\"MsoListParagraph\" style=\"margin: 0.25pt 0.05pt 0cm 21.3pt; line-height: 14.8133px; font-size: 11pt; font-family: Aptos, sans-serif; color: #000000; text-align: justify; text-indent: -14.2pt;\"><b><span style=\"font-size: 6.5pt; line-height: 8.75333px; font-family: 'Microsoft Sans Serif', sans-serif; color: #4f81bd;\">10-<span style=\"font-variant-numeric: normal; font-variant-east-asian: normal; font-variant-alternates: normal; font-size-adjust: none; font-kerning: auto; font-optical-sizing: auto; font-feature-settings: normal; font-variation-settings: normal; font-variant-position: normal; font-variant-emoji: normal; font-weight: normal; font-stretch: normal; font-size: 7pt; line-height: normal; font-family: 'Times New Roman';\">\u00a0\u00a0 <\/span><\/span><\/b><b><u><span style=\"font-size: 6.5pt; line-height: 8.75333px; font-family: 'Microsoft Sans Serif', sans-serif; color: #4f81bd;\">Attestations<\/span><\/u><\/b><\/p><p class=\"MsoNormal\" style=\"margin: 0cm 0.45pt 0cm 7.1pt; line-height: normal; font-size: 11pt; font-family: Aptos, sans-serif; color: #000000; text-align: justify;\"><span style=\"font-size: 6.5pt; font-family: Calibri, sans-serif; color: #4d4d4f;\">Les attestations de formation sont d\u00e9livr\u00e9es \u00e0 l&rsquo;issue des formations aux stagiaires. Par contre les certificats de fin de formation de type Caces ou tous autres certificats requis par les pouvoirs publics ou autres instances pour l&rsquo;exercice ou la pratique de certaines activit\u00e9s ne sont d\u00e9livr\u00e9es que lorsque la facture \u00e9mise correspondant \u00e0 ladite formation est d\u00fbment acquitt\u00e9e. Dans l&rsquo;attente, ce justificatif est conserv\u00e9 par le centre de formation au titre d&rsquo;une \u00ab garantie de paiement \u00bb.<\/span><\/p><p class=\"MsoListParagraph\" style=\"margin: 0.25pt 0.05pt 0cm 21.3pt; line-height: 14.8133px; font-size: 11pt; font-family: Aptos, sans-serif; color: #000000; text-align: justify; text-indent: -14.2pt;\"><b><span style=\"font-size: 6.5pt; line-height: 8.75333px; font-family: 'Microsoft Sans Serif', sans-serif; color: #4f81bd;\">11-<span style=\"font-variant-numeric: normal; font-variant-east-asian: normal; font-variant-alternates: normal; font-size-adjust: none; font-kerning: auto; font-optical-sizing: auto; font-feature-settings: normal; font-variation-settings: normal; font-variant-position: normal; font-variant-emoji: normal; font-weight: normal; font-stretch: normal; font-size: 7pt; line-height: normal; font-family: 'Times New Roman';\">\u00a0\u00a0 <\/span><\/span><\/b><b><u><span style=\"font-size: 6.5pt; line-height: 8.75333px; font-family: 'Microsoft Sans Serif', sans-serif; color: #4f81bd;\">Renonciation temporaire \u00e0 un droit<\/span><\/u><\/b><\/p><p class=\"MsoNormal\" style=\"margin: 0cm 0.45pt 0cm 7.1pt; line-height: normal; font-size: 11pt; font-family: Aptos, sans-serif; color: #000000; text-align: justify;\"><span style=\"font-size: 6.5pt; font-family: Calibri, sans-serif; color: #4d4d4f;\">Le fait pour l\u2019organisme de formation de ne pas se pr\u00e9valoir de l&rsquo;une des stipulations de pr\u00e9sentes CGV, en une ou plusieurs occasions, ne pourra \u00eatre interpr\u00e9t\u00e9 comme un abandon ou un refus de se pr\u00e9valoir des clauses y figurant.<\/span><\/p><p class=\"MsoListParagraph\" style=\"margin: 0.25pt 0.05pt 0cm 14.2pt; line-height: 14.8133px; font-size: 11pt; font-family: Aptos, sans-serif; color: #000000; text-align: justify; text-indent: -7.1pt;\"><b><u><span style=\"font-size: 6.5pt; line-height: 8.75333px; font-family: 'Microsoft Sans Serif', sans-serif; color: #4f81bd;\">12 &#8211; Protection des donn\u00e9es personnelles<\/span><\/u><\/b><\/p><p class=\"MsoNormal\" style=\"margin: 0cm 0.45pt 0cm 7.1pt; line-height: normal; font-size: 11pt; font-family: Aptos, sans-serif; color: #000000; text-align: justify;\"><span style=\"font-size: 6.5pt; font-family: Calibri, sans-serif; color: #4d4d4f;\">Le client est inform\u00e9 que les informations \u00e0 caract\u00e8re personnel n\u00e9cessaires \u00e0 l&rsquo;ex\u00e9cution du contrat et transmises \u00e0 l\u2019organisme de formation pourront \u00eatre communiqu\u00e9es \u00e0 nos partenaires contractuels pour les besoins de r\u00e9alisation des prestations. Ces informations pr\u00e9sentent un lien direct et n\u00e9cessaire avec l&rsquo;action de formation et ont pour finalit\u00e9 d&rsquo;appr\u00e9cier l&rsquo;aptitude du candidat \u00e0 suivre l&rsquo;action de formation, et sont indispensables pour la conclusion de la convention ou du contrat de formation. Conform\u00e9ment aux dispositions de la loi n\u00b078-17 du 6 janvier 1978 modifi\u00e9e dite \u00ab Loi Informatique et Libert\u00e9s \u00bb, et au R\u00e8glement (UE) 2016\/679 du Parlement europ\u00e9en et du Conseil du 27 avril 2016, vous disposez d&rsquo;un droit d&rsquo;acc\u00e8s aux, de rectification ou effacement, de demander une limitation du traitement de vos donn\u00e9es ou de vous opposer au traitement des donn\u00e9es vous concernant ainsi que du droit de retirer votre consentement \u00e0 tout moment en vous adressant \u00e0 <\/span><a href=\"mailto:contact@sasu-control.fr\"><span style=\"font-size: 6.5pt; font-family: Calibri, sans-serif; color: #4d4d4f;\">contact@sasu-control.fr.<\/span><\/a><span style=\"font-size: 6.5pt; font-family: Calibri, sans-serif; color: #4d4d4f;\"> Votre demande devra \u00eatre accompagn\u00e9e d&rsquo;un titre d&rsquo;identit\u00e9 en cours de validit\u00e9 et mentionner l&rsquo;adresse \u00e0 laquelle nous pourrons vous contacter. L\u2019organisme de formations conservera les donn\u00e9es \u00e0 caract\u00e8re personnel des clients pendant la dur\u00e9e des relations contractuelles augment\u00e9e de 3 ans, sans pr\u00e9judice des obligations de conservation ou des d\u00e9lais de prescription.<\/span><\/p><p class=\"MsoNormal\" style=\"margin: 0cm 0cm 0cm 7.1pt; line-height: 6.95pt; font-size: 11pt; font-family: Aptos, sans-serif; color: #000000;\"><b><u><span style=\"font-size: 6.5pt; font-family: 'Microsoft Sans Serif', sans-serif; color: #4f81bd;\">13 -. Confidentialit\u00e9 et communication<\/span><\/u><\/b><\/p><p class=\"MsoNormal\" style=\"margin: 0cm 0.45pt 0cm 7.1pt; line-height: normal; font-size: 11pt; font-family: Aptos, sans-serif; color: #000000; text-align: justify;\"><span style=\"font-size: 6.5pt; font-family: Calibri, sans-serif; color: #4d4d4f;\">L\u2019organisme de formation et le client s\u2019engagent l\u2019un envers l&rsquo;autre, \u00e0 respecter la plus stricte confidentialit\u00e9 concernant les informations et documents obtenus dans le cadre de leur relation contractuelle et \u00e0 ne rien divulguer sur les prestations r\u00e9alis\u00e9es et leurs supports. Toutefois, le Client professionnel nous autorise \u00e0 mentionner son nom, son logo et \u00e0 faire mention \u00e0 titre de r\u00e9f\u00e9rences dans l\u2019ensemble de leurs documents commerciaux.<\/span><\/p><p class=\"MsoNormal\" style=\"margin: 0cm 0cm 0cm 0.7pt; line-height: 6.95pt; font-size: 11pt; font-family: Aptos, sans-serif; color: #000000; text-indent: 6.4pt;\"><b><u><span style=\"font-size: 6.5pt; font-family: 'Microsoft Sans Serif', sans-serif; color: #4f81bd;\">14 -. Responsabilit\u00e9<\/span><\/u><\/b><\/p><p class=\"MsoNormal\" style=\"margin: 0cm 0.45pt 0cm 7.1pt; line-height: normal; font-size: 11pt; font-family: Aptos, sans-serif; color: #000000; text-align: justify;\"><span style=\"font-size: 6.5pt; font-family: Calibri, sans-serif; color: #4d4d4f;\">L\u2019organisme de formation s\u2019engage \u00e0 r\u00e9aliser les formations conform\u00e9ment au programme remis au client et dans le respect des dispositions l\u00e9gales et r\u00e9glementaires applicables en la mati\u00e8re. L&rsquo;obligation de l\u2019organisme de formation une obligation de moyen.<\/span><\/p><p class=\"MsoNormal\" style=\"margin: 0cm 0.45pt 0cm 7.1pt; line-height: normal; font-size: 11pt; font-family: Aptos, sans-serif; color: #000000; text-align: justify;\"><span style=\"font-size: 6.5pt; font-family: Calibri, sans-serif; color: #4d4d4f;\">Le client s&rsquo;engage \u00e0 mettre \u00e0 sa disposition, dans les d\u00e9lais convenus, l&rsquo;ensemble des \u00e9l\u00e9ments indispensables \u00e0 la bonne r\u00e9alisation de la formation.<\/span><\/p><p class=\"MsoNormal\" style=\"margin: 0cm 0.45pt 0cm 7.1pt; line-height: normal; font-size: 11pt; font-family: Aptos, sans-serif; color: #000000; text-align: justify;\"><span style=\"font-size: 6.5pt; font-family: Calibri, sans-serif; color: #4d4d4f;\">La responsabilit\u00e9 de l\u2019organisme de formation ne pourra notamment \u00eatre engag\u00e9e pour une erreur engendr\u00e9e par une information insuffisante ou erron\u00e9e transmise par le client ou pour un retard occasionn\u00e9 par le client qui entrainerait l&rsquo;impossibilit\u00e9 de respecter les d\u00e9lais convenus. Pendant l&rsquo;ex\u00e9cution de la formation dans les locaux du client, ce dernier demeure gardien de ses installations et mat\u00e9riels et la responsabilit\u00e9 de l\u2019organisme de formation ne peut \u00eatre engag\u00e9e, pour quelle cause que ce soit, concernant le fonctionnement, les dommages que pourraient subir les installations, mat\u00e9riels, objets situ\u00e9s dans les locaux du client ou pour les incidents ou accidents dont ils seraient l&rsquo;origine. Seule une faute caract\u00e9ris\u00e9e, commise dans le cadre strict de sa mission de formation, est susceptible d\u2019engager la responsabilit\u00e9 de l\u2019organisme de formation. En cas de mise en jeu de la responsabilit\u00e9 de de formation, l&rsquo;indemnit\u00e9 mise \u00e0 sa charge est express\u00e9ment limit\u00e9e au prix de la prestation de formation command\u00e9e par le client.<\/span><\/p><p class=\"MsoNormal\" style=\"margin: 0cm; line-height: 6.95pt; font-size: 11pt; font-family: Aptos, sans-serif; color: #000000; text-indent: 7.1pt;\"><b><u><span style=\"font-size: 6.5pt; font-family: 'Microsoft Sans Serif', sans-serif; color: #4f81bd;\">15 &#8211; Assurances<\/span><\/u><\/b><\/p><p class=\"MsoNormal\" style=\"margin: 0cm 0.45pt 0cm 7.1pt; line-height: normal; font-size: 11pt; font-family: Aptos, sans-serif; color: #000000; text-align: justify;\"><span style=\"font-size: 6.5pt; font-family: Calibri, sans-serif; color: #4d4d4f;\">L\u2019organisme de formation contracte une assurance couvrant sa responsabilit\u00e9 civile professionnelle dont elle justifiera sur demande du client. Ce dernier, de son c\u00f4t\u00e9, doit se garantir contre les risques qu&rsquo;il ferait encourir aux intervenants de l\u2019organisme de formation et les incidents dont la responsabilit\u00e9 lui incomberait.<\/span><\/p><p class=\"MsoNormal\" style=\"margin: 0cm; line-height: 6.95pt; font-size: 11pt; font-family: Aptos, sans-serif; color: #000000; text-indent: 7.1pt;\"><b><u><span style=\"font-size: 6.5pt; font-family: 'Microsoft Sans Serif', sans-serif; color: #4f81bd;\">16 &#8211; Litiges<\/span><\/u><\/b><\/p><p>\u00a0<\/p><p class=\"MsoNormal\" style=\"margin: 0cm 0.45pt 0cm 7.1pt; line-height: normal; font-size: 11pt; font-family: Aptos, sans-serif; color: #000000; text-align: justify;\"><span style=\"font-size: 6.5pt; font-family: Calibri, sans-serif; color: #4d4d4f;\">En cas de litige, les parties rechercheront une solution amiable dans un d\u00e9lai raisonnable. \u00c0 d\u00e9faut de parvenir \u00e0 un accord, Le pr\u00e9sent contrat est soumis au droit fran\u00e7ais et le tribunal de Dax est seul comp\u00e9tent pour traiter le dossier quel que soit l\u2019ex\u00e9cution de la mission, m\u00eame en cas d\u2019appel en garantie ou de pluralit\u00e9 de d\u00e9fendeurs. Le centre de formation dispose d&rsquo;une proc\u00e9dure d&rsquo;enregistrement et de traitement des suggestions, plaintes et r\u00e9clamations \u00e0 disposition des clients et des stagiaires. Nous avons mis en place dans notre centre de formation, un formulaire de<\/span> <span style=\"font-size: 6.5pt; font-family: Calibri, sans-serif; color: #4d4d4f;\">d\u00e9claration des r\u00e9clamations pour toute recherche de r\u00e9ponse \u00e0 l\u2019amiable.<\/span><\/p>\t\t\t\t\t\t\t\t<\/div>\n\t\t\t\t<\/div>\n\t\t\t\t\t<\/div>\n\t\t<\/div>\n\t\t\t\t\t<\/div>\n\t\t<\/section>\n\t\t\t\t<\/div>\n\t\t","protected":false},"excerpt":{"rendered":"<p>S2 CONSULTING &amp; FORMATION propose toutes les formations pour les professionnels, dans les domaines de la s\u00e9curit\u00e9, de la pr\u00e9vention des risques et de la conduite d\u2019engins. Pour toute demande d\u2019information sur les formations,\u00a0les tarifs ou l\u2019envoi des programmes \u00e0 jour, merci de nous contacter 05 58 70 36 88 ou au 06 67 30 [&hellip;]<\/p>\n","protected":false},"author":1,"featured_media":0,"parent":0,"menu_order":0,"comment_status":"closed","ping_status":"closed","template":"elementor_header_footer","meta":{"footnotes":""},"class_list":["post-89","page","type-page","status-publish","hentry"],"_links":{"self":[{"href":"https:\/\/s2consulting.fr\/index.php\/wp-json\/wp\/v2\/pages\/89","targetHints":{"allow":["GET"]}}],"collection":[{"href":"https:\/\/s2consulting.fr\/index.php\/wp-json\/wp\/v2\/pages"}],"about":[{"href":"https:\/\/s2consulting.fr\/index.php\/wp-json\/wp\/v2\/types\/page"}],"author":[{"embeddable":true,"href":"https:\/\/s2consulting.fr\/index.php\/wp-json\/wp\/v2\/users\/1"}],"replies":[{"embeddable":true,"href":"https:\/\/s2consulting.fr\/index.php\/wp-json\/wp\/v2\/comments?post=89"}],"version-history":[{"count":18,"href":"https:\/\/s2consulting.fr\/index.php\/wp-json\/wp\/v2\/pages\/89\/revisions"}],"predecessor-version":[{"id":1826,"href":"https:\/\/s2consulting.fr\/index.php\/wp-json\/wp\/v2\/pages\/89\/revisions\/1826"}],"wp:attachment":[{"href":"https:\/\/s2consulting.fr\/index.php\/wp-json\/wp\/v2\/media?parent=89"}],"curies":[{"name":"wp","href":"https:\/\/api.w.org\/{rel}","templated":true}]}}